{"id":9,"date":"2019-03-08T09:53:19","date_gmt":"2019-03-08T09:53:19","guid":{"rendered":"https:\/\/bewusstschwanger.ch\/?page_id=9"},"modified":"2026-06-02T11:20:42","modified_gmt":"2026-06-02T11:20:42","slug":"a-propos-de-rebekka","status":"publish","type":"page","link":"https:\/\/bewusstschwanger.ch\/index.php\/a-propos-de-rebekka\/","title":{"rendered":"\u00dcber Rebekka"},"content":{"rendered":"<div id=\"pl-gb9-6a9679be135df\"  class=\"panel-layout wp-block-siteorigin-panels-layout-block\" ><div id=\"pg-gb9-6a9679be135df-0\"  class=\"panel-grid panel-no-style\" ><div id=\"pgc-gb9-6a9679be135df-0-0\"  class=\"panel-grid-cell\" ><div id=\"panel-gb9-6a9679be135df-0-0-0\" class=\"so-panel widget widget_text panel-first-child\" data-index=\"0\" ><div class=\"panel-widget-style panel-widget-style-for-gb9-6a9679be135df-0-0-0\" >\t\t\t<div class=\"textwidget\"><p>&nbsp;<\/p>\n<p>&nbsp;<\/p>\n<p>&nbsp;<\/p>\n<p>&nbsp;<\/p>\n<p>&nbsp;<\/p>\n<p>&nbsp;<\/p>\n<p>&nbsp;<\/p>\n<\/div>\n\t\t<\/div><\/div><div id=\"panel-gb9-6a9679be135df-0-0-1\" class=\"so-panel widget widget_sow-headline\" data-index=\"1\" ><div class=\"panel-widget-style panel-widget-style-for-gb9-6a9679be135df-0-0-1\" ><div\n\t\t\t\n\t\t\tclass=\"so-widget-sow-headline so-widget-sow-headline-default-922047c667f8-9 so-widget-fittext-wrapper\"\n\t\t\t data-fit-text-compressor=\"0.85\"\n\t\t><div class=\"sow-headline-container \">\n\t\t\t\t\t\t\t<h2 class=\"sow-headline\">\n\t\t\t\t\t\tZwischen den Welten braucht es Vertrauen\t\t\t\t\t\t<\/h2>\n\t\t\t\t\t\t\t\t\t\t\t<div class=\"decoration\">\n\t\t\t\t\t\t<div class=\"decoration-inside\"><\/div>\n\t\t\t\t\t<\/div>\n\t\t\t\t\t\t\t\t\t\t\t<h5 class=\"sow-sub-headline\">\n\t\t\t\t\t\tRebekka Gabriela Specht\t\t\t\t\t\t<\/h5>\n\t\t\t\t\t\t<\/div>\n<\/div><\/div><\/div><div id=\"panel-gb9-6a9679be135df-0-0-2\" class=\"so-panel widget widget_sow-editor\" data-index=\"2\" ><div class=\"panel-widget-style panel-widget-style-for-gb9-6a9679be135df-0-0-2\" ><div\n\t\t\t\n\t\t\tclass=\"so-widget-sow-editor so-widget-sow-editor-base\"\n\t\t\t\n\t\t>\n<div class=\"siteorigin-widget-tinymce textwidget\">\n\t<p>Begleiterin f\u00fcr Schwangerschaft, Geburt und die seelischen \u00dcberg\u00e4nge des Lebens.<br \/>\nAutorin. Mutter von zwei erwachsenen S\u00f6hnen.<\/p>\n<p>&nbsp;<\/p>\n<p>Im Laufe meines Wirkens mit Menschen habe ich erfahren d\u00fcrfen, wie sehr die Zeit vor der Geburt, die Art der Ankunft auf Erden und fr\u00fche Erfahrungen unser Leben pr\u00e4gen.<\/p>\n<p>Immer wieder f\u00fchrt meine Arbeit mich an jene \u00dcberg\u00e4nge, die sich nicht vollst\u00e4ndig erkl\u00e4ren lassen und dennoch tief auf uns wirken: zur Zeugung, in die Schwangerschaft, an die Geburt eines Kindes, zu den Spuren des eigenen Ankommens und manchmal auch dorthin, wo ein Kind wieder geht.<\/p>\n<p>&nbsp;<\/p>\n<p>Dahinter stehen die gro\u00dfen Fragen des Lebens:<br \/>\n<em>Woher kommt ein Mensch? Was bringt er mit?<\/em><br \/>\n<em>Und wenn sein Leben nur von kurzer Dauer sein sollte \u2013<\/em><br \/>\n<em>mit was geht er wieder?<\/em><\/p>\n<p>&nbsp;<\/p>\n<p>F\u00fcr mich steht jedoch nicht das Wissen im Vordergrund, sondern die Art,<br \/>\nwie wir einen Menschen auf seiner Reise ins Leben begleiten, damit er sich gesehen, geh\u00f6rt und willkommen f\u00fchlt,<br \/>\nund was geschieht, wenn wir beginnen zu erfassen, was bisher im Verborgenen gewirkt hat.<\/p>\n<\/div>\n<\/div><\/div><\/div><div id=\"panel-gb9-6a9679be135df-0-0-3\" class=\"so-panel widget widget_media_image\" data-index=\"3\" ><img fetchpriority=\"high\" decoding=\"async\" width=\"991\" height=\"212\" src=\"https:\/\/bewusstschwanger.ch\/wp-content\/uploads\/2022\/11\/IC_unicorn-spirit.jpg\" class=\"image wp-image-6268  attachment-full size-full\" alt=\"\u00dcber Rebekka G Specht Incarnationconsciente.ch\" style=\"max-width: 100%; height: auto;\" srcset=\"https:\/\/bewusstschwanger.ch\/wp-content\/uploads\/2022\/11\/IC_unicorn-spirit.jpg 991w, https:\/\/bewusstschwanger.ch\/wp-content\/uploads\/2022\/11\/IC_unicorn-spirit-300x64.jpg 300w, https:\/\/bewusstschwanger.ch\/wp-content\/uploads\/2022\/11\/IC_unicorn-spirit-768x164.jpg 768w, https:\/\/bewusstschwanger.ch\/wp-content\/uploads\/2022\/11\/IC_unicorn-spirit-750x160.jpg 750w, https:\/\/bewusstschwanger.ch\/wp-content\/uploads\/2022\/11\/IC_unicorn-spirit-400x86.jpg 400w, https:\/\/bewusstschwanger.ch\/wp-content\/uploads\/2022\/11\/IC_unicorn-spirit-430x92.jpg 430w, https:\/\/bewusstschwanger.ch\/wp-content\/uploads\/2022\/11\/IC_unicorn-spirit-150x32.jpg 150w, https:\/\/bewusstschwanger.ch\/wp-content\/uploads\/2022\/11\/IC_unicorn-spirit-100x21.jpg 100w\" sizes=\"(max-width: 991px) 100vw, 991px\" \/><\/div><div id=\"panel-gb9-6a9679be135df-0-0-4\" class=\"so-panel widget widget_sow-editor\" data-index=\"4\" ><div class=\"panel-widget-style panel-widget-style-for-gb9-6a9679be135df-0-0-4\" ><div\n\t\t\t\n\t\t\tclass=\"so-widget-sow-editor so-widget-sow-editor-base\"\n\t\t\t\n\t\t><h3 class=\"widget-title\">Meine Vision<\/h3>\n<div class=\"siteorigin-widget-tinymce textwidget\">\n\t<p style=\"text-align: center\">Ich w\u00fcnsche mir eine Welt,<br \/>\nin der Kinder als ganze Wesen empfangen werden.<\/p>\n<p style=\"text-align: center\">Eine Welt, in der Schwangerschaft und Geburt<br \/>\nnicht nur als medizinische Ereignisse verstanden werden,<br \/>\nsondern auch als seelische \u00dcberg\u00e4nge.<\/p>\n<p style=\"text-align: center\">Und in der die Erfahrungen rund um die eigene Ankunft auf Erden<br \/>\nihren Platz haben d\u00fcrfen \u2014<br \/>\nnicht um in der Vergangenheit zu bleiben,<br \/>\nsondern um freier in der Gegenwart zu leben.<\/p>\n<\/div>\n<\/div><\/div><\/div><div id=\"panel-gb9-6a9679be135df-0-0-5\" class=\"so-panel widget widget_sow-headline\" data-index=\"5\" ><div class=\"panel-widget-style panel-widget-style-for-gb9-6a9679be135df-0-0-5\" ><div\n\t\t\t\n\t\t\tclass=\"so-widget-sow-headline so-widget-sow-headline-default-46ca8e071809-9 so-widget-fittext-wrapper\"\n\t\t\t data-fit-text-compressor=\"0.85\"\n\t\t><div class=\"sow-headline-container \">\n\t\t\t\t\t\t\t<h2 class=\"sow-headline\">\n\t\t\t\t\t\tWie wir empfangen werden, macht einen Unterschied.\t\t\t\t\t\t<\/h2>\n\t\t\t\t\t\t\t\t\t\t\t\t<h4 class=\"sow-sub-headline\">\n\t\t\t\t\t\t.. und so ver\u00e4ndert sich die Welt mit jeder Geburt.\t\t\t\t\t\t<\/h4>\n\t\t\t\t\t\t<\/div>\n<\/div><\/div><\/div><div id=\"panel-gb9-6a9679be135df-0-0-6\" class=\"so-panel widget widget_sow-editor\" data-index=\"6\" ><div class=\"panel-widget-style panel-widget-style-for-gb9-6a9679be135df-0-0-6\" ><div\n\t\t\t\n\t\t\tclass=\"so-widget-sow-editor so-widget-sow-editor-base\"\n\t\t\t\n\t\t><h3 class=\"widget-title\">Meine Geschichte<\/h3>\n<div class=\"siteorigin-widget-tinymce textwidget\">\n\t<p>Die Geburt meines \u00e4ltesten Sohnes hat mein Leben in eine Richtung gelenkt, die ich damals nicht vorhersehen konnte.<\/p>\n<p>Die Suche nach Antworten f\u00fcr ihn f\u00fchrte mich zun\u00e4chst zu alternativen Heilmethoden. Zus\u00e4tzlich herausgefordert als Mutter von zwei kleinen Kindern, wurde mit der Zeit daraus eine Auseinandersetzung mit meiner eigenen Geschichte. Themen, die ich lange unter Kontrolle gehalten hatte, wollten gesehen werden. Was als Suche nach Unterst\u00fctzung f\u00fcr meine S\u00f6hne begann, wurde zu einem Weg zu mir selbst.<\/p>\n<p>&nbsp;<\/p>\n<p>R\u00fcckblickend waren es vor allem die schwierigen Zeiten, die mich gelehrt haben, genauer hinzuschauen.<br \/>\nWas mich dabei immer getragen hat, ist die \u00dcberzeugung, da\u00df es einen Weg gibt. Dieser mag sich nicht sofort zeigen, nicht immer geradlinig sein, und auch nicht unbedingt so wie wir es erwarten oder uns w\u00fcnschen, aber es gibt ihn. Viele Einfl\u00fcsse wirken dabei mit, die wir nicht immer direkt erkennen k\u00f6nnen.<\/p>\n<p>Bis heute vertraue ich deshalb weniger auf Konzepte als auf Erfahrung.<br \/>\nEntscheidend ist f\u00fcr mich nicht, was richtig klingen sollte, sondern was sich im Leben tats\u00e4chlich zeigt.<\/p>\n<p>Ich stelle Fragen, beobachte, h\u00f6re zu und suche nach dem, was hinter den Dingen wirkt;<br \/>\nnicht aus Neugier, sondern weil sich dort oft der Schl\u00fcssel f\u00fcr Ver\u00e4nderung verbirgt.<\/p>\n<p>&nbsp;<\/p>\n<p>Gro\u00dfe Erkl\u00e4rungsmodelle haben mich nie besonders interessiert. Mich interessiert, was Menschen hilft, was Zusammenh\u00e4nge verst\u00e4ndlicher macht, und was dazu beitr\u00e4gt, da\u00df jemand seinen eigenen Weg wieder klarer sehen kann.<\/p>\n<p>Dabei vertraue ich auf Erfahrung, Wahrnehmung und die Weisheit des Lebens selbst.<br \/>\nNicht alles l\u00e4sst sich erkl\u00e4ren. \u2014 Doch vieles l\u00e4sst sich erfassen.<\/p>\n<\/div>\n<\/div><\/div><\/div><div id=\"panel-gb9-6a9679be135df-0-0-7\" class=\"so-panel widget widget_sow-headline\" data-index=\"7\" ><div class=\"panel-widget-style panel-widget-style-for-gb9-6a9679be135df-0-0-7\" ><div\n\t\t\t\n\t\t\tclass=\"so-widget-sow-headline so-widget-sow-headline-default-922047c667f8-9 so-widget-fittext-wrapper\"\n\t\t\t data-fit-text-compressor=\"0.85\"\n\t\t><div class=\"sow-headline-container \">\n\t\t\t\t\t\t<div class=\"decoration\">\n\t\t\t\t\t\t<div class=\"decoration-inside\"><\/div>\n\t\t\t\t\t<\/div>\n\t\t\t\t\t<\/div>\n<\/div><\/div><\/div><div id=\"panel-gb9-6a9679be135df-0-0-8\" class=\"so-panel widget widget_sow-editor panel-last-child\" data-index=\"8\" ><div class=\"panel-widget-style panel-widget-style-for-gb9-6a9679be135df-0-0-8\" ><div\n\t\t\t\n\t\t\tclass=\"so-widget-sow-editor so-widget-sow-editor-base\"\n\t\t\t\n\t\t>\n<div class=\"siteorigin-widget-tinymce textwidget\">\n\t<p style=\"text-align: left\">Weitere R\u00e4ume f\u00fcr Frauen, M\u00fctter, Kind &amp; Familie und Begleitende findest Du auf meiner Hauptseite <a href=\"https:\/\/www.rebekkaspecht.ch\" target=\"_blank\" rel=\"noopener\"><strong data-start=\"1373\" data-end=\"1398\">Pr\u00e4sent im Leben SEIN<\/strong><\/a>.<\/p>\n<\/div>\n<\/div><\/div><\/div><\/div><\/div><\/div>","protected":false},"excerpt":{"rendered":"<p>&nbsp; &nbsp; &nbsp; &nbsp; &nbsp; &nbsp; &nbsp; Begleiterin f\u00fcr Schwangerschaft, Geburt und die seelischen \u00dcberg\u00e4nge des Lebens. Autorin. Mutter von zwei erwachsenen S\u00f6hnen. &nbsp; Im Laufe meines Wirkens mit Menschen [&hellip;]<\/p>\n","protected":false},"author":1,"featured_media":0,"parent":0,"menu_order":0,"comment_status":"closed","ping_status":"closed","template":"elementor_header_footer","meta":{"footnotes":""},"class_list":["post-9","page","type-page","status-publish","hentry"],"yoast_head":"<!-- This site is optimized with the Yoast SEO plugin v28.1 - https:\/\/yoast.com\/product\/yoast-seo-wordpress\/ -->\n<title>\u00dcber Rebekka - Bewusst schwanger<\/title>\n<meta name=\"description\" content=\"&quot;Ich w\u00fcnsche mir eine Welt, in der Kinder .. .&quot; Rebekka begleitet Schwangerschaft, Geburt und seelische \u00dcberg\u00e4nge. F\u00fcr ein heiles Ankommen.\" \/>\n<meta name=\"robots\" content=\"index, follow, max-snippet:-1, max-image-preview:large, max-video-preview:-1\" \/>\n<link rel=\"canonical\" href=\"https:\/\/bewusstschwanger.ch\/index.php\/a-propos-de-rebekka\/\" \/>\n<meta property=\"og:locale\" content=\"fr_FR\" \/>\n<meta property=\"og:type\" content=\"article\" \/>\n<meta property=\"og:title\" content=\"\u00dcber Rebekka - Bewusst schwanger\" \/>\n<meta property=\"og:description\" content=\"&quot;Ich w\u00fcnsche mir eine Welt, in der Kinder .. .&quot; Rebekka begleitet Schwangerschaft, Geburt und seelische \u00dcberg\u00e4nge. F\u00fcr ein heiles Ankommen.\" \/>\n<meta property=\"og:url\" content=\"https:\/\/bewusstschwanger.ch\/index.php\/a-propos-de-rebekka\/\" \/>\n<meta property=\"og:site_name\" content=\"Bewusst schwanger\" \/>\n<meta property=\"article:modified_time\" content=\"2026-06-02T11:20:42+00:00\" \/>\n<meta name=\"twitter:card\" content=\"summary_large_image\" \/>\n<meta name=\"twitter:label1\" content=\"Dur\u00e9e de lecture estim\u00e9e\" \/>\n\t<meta name=\"twitter:data1\" content=\"3 minutes\" \/>\n<script type=\"application\/ld+json\" class=\"yoast-schema-graph\">{\"@context\":\"https:\\\/\\\/schema.org\",\"@graph\":[{\"@type\":\"WebPage\",\"@id\":\"https:\\\/\\\/bewusstschwanger.ch\\\/index.php\\\/a-propos-de-rebekka\\\/\",\"url\":\"https:\\\/\\\/bewusstschwanger.ch\\\/index.php\\\/a-propos-de-rebekka\\\/\",\"name\":\"\u00dcber Rebekka - Bewusst schwanger\",\"isPartOf\":{\"@id\":\"https:\\\/\\\/bewusstschwanger.ch\\\/#website\"},\"datePublished\":\"2019-03-08T09:53:19+00:00\",\"dateModified\":\"2026-06-02T11:20:42+00:00\",\"description\":\"\\\"Ich w\u00fcnsche mir eine Welt, in der Kinder .. .\\\" Rebekka begleitet Schwangerschaft, Geburt und seelische \u00dcberg\u00e4nge. F\u00fcr ein heiles Ankommen.\",\"breadcrumb\":{\"@id\":\"https:\\\/\\\/bewusstschwanger.ch\\\/index.php\\\/a-propos-de-rebekka\\\/#breadcrumb\"},\"inLanguage\":\"fr-FR\",\"potentialAction\":[{\"@type\":\"ReadAction\",\"target\":[\"https:\\\/\\\/bewusstschwanger.ch\\\/index.php\\\/a-propos-de-rebekka\\\/\"]}]},{\"@type\":\"BreadcrumbList\",\"@id\":\"https:\\\/\\\/bewusstschwanger.ch\\\/index.php\\\/a-propos-de-rebekka\\\/#breadcrumb\",\"itemListElement\":[{\"@type\":\"ListItem\",\"position\":1,\"name\":\"Home\",\"item\":\"https:\\\/\\\/bewusstschwanger.ch\\\/\"},{\"@type\":\"ListItem\",\"position\":2,\"name\":\"\u00dcber Rebekka\"}]},{\"@type\":\"WebSite\",\"@id\":\"https:\\\/\\\/bewusstschwanger.ch\\\/#website\",\"url\":\"https:\\\/\\\/bewusstschwanger.ch\\\/\",\"name\":\"Bewusst schwanger\",\"description\":\"f\u00fcr ein heiles Ankommen und eine respektvolle Geburt\",\"potentialAction\":[{\"@type\":\"SearchAction\",\"target\":{\"@type\":\"EntryPoint\",\"urlTemplate\":\"https:\\\/\\\/bewusstschwanger.ch\\\/?s={search_term_string}\"},\"query-input\":{\"@type\":\"PropertyValueSpecification\",\"valueRequired\":true,\"valueName\":\"search_term_string\"}}],\"inLanguage\":\"fr-FR\"}]}<\/script>\n<!-- \/ Yoast SEO plugin. -->","yoast_head_json":{"title":"\u00dcber Rebekka - Bewusst schwanger","description":"\"Ich w\u00fcnsche mir eine Welt, in der Kinder .. .\" Rebekka begleitet Schwangerschaft, Geburt und seelische \u00dcberg\u00e4nge. F\u00fcr ein heiles Ankommen.","robots":{"index":"index","follow":"follow","max-snippet":"max-snippet:-1","max-image-preview":"max-image-preview:large","max-video-preview":"max-video-preview:-1"},"canonical":"https:\/\/bewusstschwanger.ch\/index.php\/a-propos-de-rebekka\/","og_locale":"fr_FR","og_type":"article","og_title":"\u00dcber Rebekka - Bewusst schwanger","og_description":"\"Ich w\u00fcnsche mir eine Welt, in der Kinder .. .\" Rebekka begleitet Schwangerschaft, Geburt und seelische \u00dcberg\u00e4nge. F\u00fcr ein heiles Ankommen.","og_url":"https:\/\/bewusstschwanger.ch\/index.php\/a-propos-de-rebekka\/","og_site_name":"Bewusst schwanger","article_modified_time":"2026-06-02T11:20:42+00:00","twitter_card":"summary_large_image","twitter_misc":{"Dur\u00e9e de lecture estim\u00e9e":"3 minutes"},"schema":{"@context":"https:\/\/schema.org","@graph":[{"@type":"WebPage","@id":"https:\/\/bewusstschwanger.ch\/index.php\/a-propos-de-rebekka\/","url":"https:\/\/bewusstschwanger.ch\/index.php\/a-propos-de-rebekka\/","name":"\u00dcber Rebekka - Bewusst schwanger","isPartOf":{"@id":"https:\/\/bewusstschwanger.ch\/#website"},"datePublished":"2019-03-08T09:53:19+00:00","dateModified":"2026-06-02T11:20:42+00:00","description":"\"Ich w\u00fcnsche mir eine Welt, in der Kinder .. .\" Rebekka begleitet Schwangerschaft, Geburt und seelische \u00dcberg\u00e4nge. F\u00fcr ein heiles Ankommen.","breadcrumb":{"@id":"https:\/\/bewusstschwanger.ch\/index.php\/a-propos-de-rebekka\/#breadcrumb"},"inLanguage":"fr-FR","potentialAction":[{"@type":"ReadAction","target":["https:\/\/bewusstschwanger.ch\/index.php\/a-propos-de-rebekka\/"]}]},{"@type":"BreadcrumbList","@id":"https:\/\/bewusstschwanger.ch\/index.php\/a-propos-de-rebekka\/#breadcrumb","itemListElement":[{"@type":"ListItem","position":1,"name":"Home","item":"https:\/\/bewusstschwanger.ch\/"},{"@type":"ListItem","position":2,"name":"\u00dcber Rebekka"}]},{"@type":"WebSite","@id":"https:\/\/bewusstschwanger.ch\/#website","url":"https:\/\/bewusstschwanger.ch\/","name":"Bewusst schwanger","description":"f\u00fcr ein heiles Ankommen und eine respektvolle Geburt","potentialAction":[{"@type":"SearchAction","target":{"@type":"EntryPoint","urlTemplate":"https:\/\/bewusstschwanger.ch\/?s={search_term_string}"},"query-input":{"@type":"PropertyValueSpecification","valueRequired":true,"valueName":"search_term_string"}}],"inLanguage":"fr-FR"}]}},"_links":{"self":[{"href":"https:\/\/bewusstschwanger.ch\/index.php\/wp-json\/wp\/v2\/pages\/9","targetHints":{"allow":["GET"]}}],"collection":[{"href":"https:\/\/bewusstschwanger.ch\/index.php\/wp-json\/wp\/v2\/pages"}],"about":[{"href":"https:\/\/bewusstschwanger.ch\/index.php\/wp-json\/wp\/v2\/types\/page"}],"author":[{"embeddable":true,"href":"https:\/\/bewusstschwanger.ch\/index.php\/wp-json\/wp\/v2\/users\/1"}],"replies":[{"embeddable":true,"href":"https:\/\/bewusstschwanger.ch\/index.php\/wp-json\/wp\/v2\/comments?post=9"}],"version-history":[{"count":149,"href":"https:\/\/bewusstschwanger.ch\/index.php\/wp-json\/wp\/v2\/pages\/9\/revisions"}],"predecessor-version":[{"id":7917,"href":"https:\/\/bewusstschwanger.ch\/index.php\/wp-json\/wp\/v2\/pages\/9\/revisions\/7917"}],"wp:attachment":[{"href":"https:\/\/bewusstschwanger.ch\/index.php\/wp-json\/wp\/v2\/media?parent=9"}],"curies":[{"name":"wp","href":"https:\/\/api.w.org\/{rel}","templated":true}]}}