{"id":7870,"date":"2026-06-01T21:59:22","date_gmt":"2026-06-01T21:59:22","guid":{"rendered":"https:\/\/bewusstschwanger.ch\/?page_id=7870"},"modified":"2026-06-02T11:11:18","modified_gmt":"2026-06-02T11:11:18","slug":"wenn-ein-kind-geht","status":"publish","type":"page","link":"https:\/\/bewusstschwanger.ch\/index.php\/wenn-ein-kind-geht\/","title":{"rendered":"Wenn ein Kind geht"},"content":{"rendered":"<div id=\"pl-7870\"  class=\"panel-layout\" ><div id=\"pg-7870-0\"  class=\"panel-grid panel-no-style\" ><div id=\"pgc-7870-0-0\"  class=\"panel-grid-cell\" ><div id=\"panel-7870-0-0-0\" class=\"so-panel widget widget_text panel-first-child\" data-index=\"0\" ><div class=\"panel-widget-style panel-widget-style-for-7870-0-0-0\" >\t\t\t<div class=\"textwidget\"><p>&nbsp;<\/p>\n<p>&nbsp;<\/p>\n<p>&nbsp;<\/p>\n<p>&nbsp;<\/p>\n<p>&nbsp;<\/p>\n<p>&nbsp;<\/p>\n<p>&nbsp;<\/p>\n<\/div>\n\t\t<\/div><\/div><div id=\"panel-7870-0-0-1\" class=\"so-panel widget widget_sow-headline\" data-index=\"1\" ><div\n\t\t\t\n\t\t\tclass=\"so-widget-sow-headline so-widget-sow-headline-default-922047c667f8-7870 so-widget-fittext-wrapper\"\n\t\t\t data-fit-text-compressor=\"\"\n\t\t><div class=\"sow-headline-container \">\n\t\t\t\t\t\t\t<h2 class=\"sow-headline\">\n\t\t\t\t\t\tJedes Kind ber\u00fchrt,\t\t\t\t\t\t<\/h2>\n\t\t\t\t\t\t\t\t\t\t\t\t<h5 class=\"sow-sub-headline\">\n\t\t\t\t\t\tunabh\u00e4ngig davon, wie lange es bleibt.\t\t\t\t\t\t<\/h5>\n\t\t\t\t\t\t\t\t\t\t\t<div class=\"decoration\">\n\t\t\t\t\t\t<div class=\"decoration-inside\"><\/div>\n\t\t\t\t\t<\/div>\n\t\t\t\t\t<\/div>\n<\/div><\/div><div id=\"panel-7870-0-0-2\" class=\"so-panel widget widget_sow-editor\" data-index=\"2\" ><div\n\t\t\t\n\t\t\tclass=\"so-widget-sow-editor so-widget-sow-editor-base\"\n\t\t\t\n\t\t>\n<div class=\"siteorigin-widget-tinymce textwidget\">\n\t<p style=\"text-align: center;\">Wenn die Schwangerschaft \/ Geburt nicht so verl\u00e4uft wie erw\u00fcnscht ...<\/p>\n<h3><\/h3>\n<p>Der Verlust eines Kindes ist f\u00fcr eine schwangere Frau \/ Mutter und den Vater des Kindes eine besonders belastende Herausforderung. Die Zeit steht still. Die Gedanken drehen sich im Kreis. Die Gef\u00fchle fahren Achterbahn.<\/p>\n<p>&nbsp;<\/p>\n<p><em>Warum passiert mir \/ uns das? Wie kann ich diesen Moment bewusst und in Liebe f\u00fcr das Baby und mich selbst erleben?<\/em><br \/>\n<em>Geht es der Seele des Babys gut? M\u00f6chte es uns noch etwas mitteilen?<\/em><br \/>\n<em>Und etwas sp\u00e4ter dann : Wozu l\u00e4dt mich diese Erfahrung ein?<\/em><\/p>\n<p>&nbsp;<\/p>\n<h3>Wenn ein Kind geht<\/h3>\n<p>Im Falle einer kleinen Geburt (Fehlgeburt), einer Totgeburt oder auch, wenn Du Dich f\u00fcr einen Schwangerschaftsabbruch entscheidest, begleite ich Dich und diese besondere Geburt, um<\/p>\n<ul>\n<li>Dir einen heiligen Raum zur Unterst\u00fctzung zu halten und<\/li>\n<li>Deinem K\u00f6rper zu helfen, diesen \u00dcbergang leichter zu erleben.<\/li>\n<\/ul>\n<p>Gleichzeitig stehe ich in Kontakt mit der Seele des Kindes, damit sie sich auf ihrem Weg geh\u00f6rt und unterst\u00fctzt f\u00fchlt. Ich begleite ihren \u00dcbergang und nehme wahr, was sie in diesem Prozess braucht, um heil in der anderen Welt wieder anzukommen.<\/p>\n<p>&nbsp;<\/p>\n<p>Gerade bei einem Schwangerschaftsabbruch bleibt oft wenig Zeit, innerlich nachzukommen. Zwischen Untersuchungen, Entscheidungen und dem, was geschieht, geht leicht verloren, was ebenfalls da ist: die Beziehung zu diesem Kind \u2013 auch wenn sie in diesem Moment kaum sp\u00fcrbar ist.<\/p>\n<p>&nbsp;<\/p>\n<p>Die Begleitung schafft Raum f\u00fcr einen bewussten Abschied und f\u00fcr das, was zwischen Dir und Deinem Kind noch gesehen, gef\u00fchlt oder mitgeteilt werden m\u00f6chte. Nicht alles l\u00e4sst sich verstehen. Doch manches wird vielleicht verst\u00e4ndlicher.<br \/>\nWo immer sein weiterer Weg hinf\u00fchrt \u2013 die Verbindung zu diesem Kind bleibt Teil Deiner Geschichte.<\/p>\n<p>Du bist Mutter geworden, wie alle anderen Geb\u00e4renden auch.<\/p>\n<\/div>\n<\/div><\/div><div id=\"panel-7870-0-0-3\" class=\"so-panel widget widget_media_image\" data-index=\"3\" ><img fetchpriority=\"high\" decoding=\"async\" width=\"2560\" height=\"842\" src=\"https:\/\/bewusstschwanger.ch\/wp-content\/uploads\/2022\/11\/IC-arret-grossesse-scaled.jpg\" class=\"image wp-image-6287  attachment-2560x842 size-2560x842\" alt=\"Arr\u00eat de grossesse Wenn ein Kind geht\" style=\"max-width: 100%; height: auto;\" srcset=\"https:\/\/bewusstschwanger.ch\/wp-content\/uploads\/2022\/11\/IC-arret-grossesse-scaled.jpg 2560w, https:\/\/bewusstschwanger.ch\/wp-content\/uploads\/2022\/11\/IC-arret-grossesse-300x99.jpg 300w, https:\/\/bewusstschwanger.ch\/wp-content\/uploads\/2022\/11\/IC-arret-grossesse-1024x337.jpg 1024w, https:\/\/bewusstschwanger.ch\/wp-content\/uploads\/2022\/11\/IC-arret-grossesse-768x253.jpg 768w, https:\/\/bewusstschwanger.ch\/wp-content\/uploads\/2022\/11\/IC-arret-grossesse-1536x505.jpg 1536w, https:\/\/bewusstschwanger.ch\/wp-content\/uploads\/2022\/11\/IC-arret-grossesse-2048x674.jpg 2048w, https:\/\/bewusstschwanger.ch\/wp-content\/uploads\/2022\/11\/IC-arret-grossesse-750x247.jpg 750w, https:\/\/bewusstschwanger.ch\/wp-content\/uploads\/2022\/11\/IC-arret-grossesse-400x132.jpg 400w, https:\/\/bewusstschwanger.ch\/wp-content\/uploads\/2022\/11\/IC-arret-grossesse-430x142.jpg 430w, https:\/\/bewusstschwanger.ch\/wp-content\/uploads\/2022\/11\/IC-arret-grossesse-150x49.jpg 150w, https:\/\/bewusstschwanger.ch\/wp-content\/uploads\/2022\/11\/IC-arret-grossesse-100x33.jpg 100w\" sizes=\"(max-width: 2560px) 100vw, 2560px\" \/><\/div><div id=\"panel-7870-0-0-4\" class=\"so-panel widget widget_sow-editor\" data-index=\"4\" ><div class=\"panel-widget-style panel-widget-style-for-7870-0-0-4\" ><div\n\t\t\t\n\t\t\tclass=\"so-widget-sow-editor so-widget-sow-editor-base\"\n\t\t\t\n\t\t>\n<div class=\"siteorigin-widget-tinymce textwidget\">\n\t<p>Und so ist es, da\u00df manche Seelen ihre Reise zur Erde abbrechen.<br \/>\nAuch wenn Kinder nur kurz bleiben, ber\u00fchren sie zutiefst und hinterlassen Spuren.<\/p>\n<p>Ihr Kommen und Gehen kann Fragen aufwerfen, Zusammenh\u00e4nge sichtbar machen und etwas in Bewegung bringen. Manchmal er\u00f6ffnet sich dadurch ein neuer Blick auf das eigene Leben.<\/p>\n<p>Was daraus entsteht, zeigt sich oft erst mit der Zeit.<\/p>\n<\/div>\n<\/div><\/div><\/div><div id=\"panel-7870-0-0-5\" class=\"so-panel widget widget_sow-headline panel-last-child\" data-index=\"5\" ><div class=\"panel-widget-style panel-widget-style-for-7870-0-0-5\" ><div\n\t\t\t\n\t\t\tclass=\"so-widget-sow-headline so-widget-sow-headline-default-9fcbb82932ff-7870 so-widget-fittext-wrapper\"\n\t\t\t data-fit-text-compressor=\"\"\n\t\t><div class=\"sow-headline-container \">\n\t\t\t\t\t\t\t<h3 class=\"sow-headline\">\n\t\t\t\t\t\tDu bist von ganzem Herzen geliebt.\t\t\t\t\t\t<\/h3>\n\t\t\t\t\t\t\t\t\t\t\t\t<h4 class=\"sow-sub-headline\">\n\t\t\t\t\t\tFlieg und sei frei.\t\t\t\t\t\t<\/h4>\n\t\t\t\t\t\t<\/div>\n<\/div><\/div><\/div><\/div><\/div><\/div>","protected":false},"excerpt":{"rendered":"<p>&nbsp; &nbsp; &nbsp; &nbsp; &nbsp; &nbsp; &nbsp; Wenn die Schwangerschaft \/ Geburt nicht so verl\u00e4uft wie erw\u00fcnscht &#8230; Der Verlust eines Kindes ist f\u00fcr eine schwangere Frau \/ Mutter und [&hellip;]<\/p>\n","protected":false},"author":1,"featured_media":0,"parent":0,"menu_order":0,"comment_status":"closed","ping_status":"closed","template":"elementor_header_footer","meta":{"footnotes":""},"class_list":["post-7870","page","type-page","status-publish","hentry"],"yoast_head":"<!-- This site is optimized with the Yoast SEO plugin v28.1 - https:\/\/yoast.com\/product\/yoast-seo-wordpress\/ -->\n<title>Wenn ein Kind geht - Bewusst schwanger<\/title>\n<meta name=\"description\" content=\"Wenn ein Kind geht: Begleitung bei Fehlgeburt, Totgeburt oder Schwangerschaftsabbruch. F\u00fcr einen bewussten Abschied und die Seele des Kindes.\" \/>\n<meta name=\"robots\" content=\"index, follow, max-snippet:-1, max-image-preview:large, max-video-preview:-1\" \/>\n<link rel=\"canonical\" href=\"https:\/\/bewusstschwanger.ch\/index.php\/wenn-ein-kind-geht\/\" \/>\n<meta property=\"og:locale\" content=\"fr_FR\" \/>\n<meta property=\"og:type\" content=\"article\" \/>\n<meta property=\"og:title\" content=\"Wenn ein Kind geht - Bewusst schwanger\" \/>\n<meta property=\"og:description\" content=\"Wenn ein Kind geht: Begleitung bei Fehlgeburt, Totgeburt oder Schwangerschaftsabbruch. F\u00fcr einen bewussten Abschied und die Seele des Kindes.\" \/>\n<meta property=\"og:url\" content=\"https:\/\/bewusstschwanger.ch\/index.php\/wenn-ein-kind-geht\/\" \/>\n<meta property=\"og:site_name\" content=\"Bewusst schwanger\" \/>\n<meta property=\"article:modified_time\" content=\"2026-06-02T11:11:18+00:00\" \/>\n<meta name=\"twitter:card\" content=\"summary_large_image\" \/>\n<meta name=\"twitter:label1\" content=\"Dur\u00e9e de lecture estim\u00e9e\" \/>\n\t<meta name=\"twitter:data1\" content=\"3 minutes\" \/>\n<script type=\"application\/ld+json\" class=\"yoast-schema-graph\">{\"@context\":\"https:\\\/\\\/schema.org\",\"@graph\":[{\"@type\":\"WebPage\",\"@id\":\"https:\\\/\\\/bewusstschwanger.ch\\\/index.php\\\/wenn-ein-kind-geht\\\/\",\"url\":\"https:\\\/\\\/bewusstschwanger.ch\\\/index.php\\\/wenn-ein-kind-geht\\\/\",\"name\":\"Wenn ein Kind geht - Bewusst schwanger\",\"isPartOf\":{\"@id\":\"https:\\\/\\\/bewusstschwanger.ch\\\/#website\"},\"datePublished\":\"2026-06-01T21:59:22+00:00\",\"dateModified\":\"2026-06-02T11:11:18+00:00\",\"description\":\"Wenn ein Kind geht: Begleitung bei Fehlgeburt, Totgeburt oder Schwangerschaftsabbruch. F\u00fcr einen bewussten Abschied und die Seele des Kindes.\",\"breadcrumb\":{\"@id\":\"https:\\\/\\\/bewusstschwanger.ch\\\/index.php\\\/wenn-ein-kind-geht\\\/#breadcrumb\"},\"inLanguage\":\"fr-FR\",\"potentialAction\":[{\"@type\":\"ReadAction\",\"target\":[\"https:\\\/\\\/bewusstschwanger.ch\\\/index.php\\\/wenn-ein-kind-geht\\\/\"]}]},{\"@type\":\"BreadcrumbList\",\"@id\":\"https:\\\/\\\/bewusstschwanger.ch\\\/index.php\\\/wenn-ein-kind-geht\\\/#breadcrumb\",\"itemListElement\":[{\"@type\":\"ListItem\",\"position\":1,\"name\":\"Home\",\"item\":\"https:\\\/\\\/bewusstschwanger.ch\\\/\"},{\"@type\":\"ListItem\",\"position\":2,\"name\":\"Wenn ein Kind geht\"}]},{\"@type\":\"WebSite\",\"@id\":\"https:\\\/\\\/bewusstschwanger.ch\\\/#website\",\"url\":\"https:\\\/\\\/bewusstschwanger.ch\\\/\",\"name\":\"Bewusst schwanger\",\"description\":\"f\u00fcr ein heiles Ankommen und eine respektvolle Geburt\",\"potentialAction\":[{\"@type\":\"SearchAction\",\"target\":{\"@type\":\"EntryPoint\",\"urlTemplate\":\"https:\\\/\\\/bewusstschwanger.ch\\\/?s={search_term_string}\"},\"query-input\":{\"@type\":\"PropertyValueSpecification\",\"valueRequired\":true,\"valueName\":\"search_term_string\"}}],\"inLanguage\":\"fr-FR\"}]}<\/script>\n<!-- \/ Yoast SEO plugin. -->","yoast_head_json":{"title":"Wenn ein Kind geht - Bewusst schwanger","description":"Wenn ein Kind geht: Begleitung bei Fehlgeburt, Totgeburt oder Schwangerschaftsabbruch. F\u00fcr einen bewussten Abschied und die Seele des Kindes.","robots":{"index":"index","follow":"follow","max-snippet":"max-snippet:-1","max-image-preview":"max-image-preview:large","max-video-preview":"max-video-preview:-1"},"canonical":"https:\/\/bewusstschwanger.ch\/index.php\/wenn-ein-kind-geht\/","og_locale":"fr_FR","og_type":"article","og_title":"Wenn ein Kind geht - Bewusst schwanger","og_description":"Wenn ein Kind geht: Begleitung bei Fehlgeburt, Totgeburt oder Schwangerschaftsabbruch. F\u00fcr einen bewussten Abschied und die Seele des Kindes.","og_url":"https:\/\/bewusstschwanger.ch\/index.php\/wenn-ein-kind-geht\/","og_site_name":"Bewusst schwanger","article_modified_time":"2026-06-02T11:11:18+00:00","twitter_card":"summary_large_image","twitter_misc":{"Dur\u00e9e de lecture estim\u00e9e":"3 minutes"},"schema":{"@context":"https:\/\/schema.org","@graph":[{"@type":"WebPage","@id":"https:\/\/bewusstschwanger.ch\/index.php\/wenn-ein-kind-geht\/","url":"https:\/\/bewusstschwanger.ch\/index.php\/wenn-ein-kind-geht\/","name":"Wenn ein Kind geht - Bewusst schwanger","isPartOf":{"@id":"https:\/\/bewusstschwanger.ch\/#website"},"datePublished":"2026-06-01T21:59:22+00:00","dateModified":"2026-06-02T11:11:18+00:00","description":"Wenn ein Kind geht: Begleitung bei Fehlgeburt, Totgeburt oder Schwangerschaftsabbruch. F\u00fcr einen bewussten Abschied und die Seele des Kindes.","breadcrumb":{"@id":"https:\/\/bewusstschwanger.ch\/index.php\/wenn-ein-kind-geht\/#breadcrumb"},"inLanguage":"fr-FR","potentialAction":[{"@type":"ReadAction","target":["https:\/\/bewusstschwanger.ch\/index.php\/wenn-ein-kind-geht\/"]}]},{"@type":"BreadcrumbList","@id":"https:\/\/bewusstschwanger.ch\/index.php\/wenn-ein-kind-geht\/#breadcrumb","itemListElement":[{"@type":"ListItem","position":1,"name":"Home","item":"https:\/\/bewusstschwanger.ch\/"},{"@type":"ListItem","position":2,"name":"Wenn ein Kind geht"}]},{"@type":"WebSite","@id":"https:\/\/bewusstschwanger.ch\/#website","url":"https:\/\/bewusstschwanger.ch\/","name":"Bewusst schwanger","description":"f\u00fcr ein heiles Ankommen und eine respektvolle Geburt","potentialAction":[{"@type":"SearchAction","target":{"@type":"EntryPoint","urlTemplate":"https:\/\/bewusstschwanger.ch\/?s={search_term_string}"},"query-input":{"@type":"PropertyValueSpecification","valueRequired":true,"valueName":"search_term_string"}}],"inLanguage":"fr-FR"}]}},"_links":{"self":[{"href":"https:\/\/bewusstschwanger.ch\/index.php\/wp-json\/wp\/v2\/pages\/7870","targetHints":{"allow":["GET"]}}],"collection":[{"href":"https:\/\/bewusstschwanger.ch\/index.php\/wp-json\/wp\/v2\/pages"}],"about":[{"href":"https:\/\/bewusstschwanger.ch\/index.php\/wp-json\/wp\/v2\/types\/page"}],"author":[{"embeddable":true,"href":"https:\/\/bewusstschwanger.ch\/index.php\/wp-json\/wp\/v2\/users\/1"}],"replies":[{"embeddable":true,"href":"https:\/\/bewusstschwanger.ch\/index.php\/wp-json\/wp\/v2\/comments?post=7870"}],"version-history":[{"count":16,"href":"https:\/\/bewusstschwanger.ch\/index.php\/wp-json\/wp\/v2\/pages\/7870\/revisions"}],"predecessor-version":[{"id":7912,"href":"https:\/\/bewusstschwanger.ch\/index.php\/wp-json\/wp\/v2\/pages\/7870\/revisions\/7912"}],"wp:attachment":[{"href":"https:\/\/bewusstschwanger.ch\/index.php\/wp-json\/wp\/v2\/media?parent=7870"}],"curies":[{"name":"wp","href":"https:\/\/api.w.org\/{rel}","templated":true}]}}