{"id":7736,"date":"2026-05-31T20:25:05","date_gmt":"2026-05-31T20:25:05","guid":{"rendered":"https:\/\/bewusstschwanger.ch\/?page_id=7736"},"modified":"2026-05-31T21:02:04","modified_gmt":"2026-05-31T21:02:04","slug":"fuer-das-neugeborene","status":"publish","type":"page","link":"https:\/\/bewusstschwanger.ch\/index.php\/fuer-das-neugeborene\/","title":{"rendered":"f\u00fcr das Neugeborene"},"content":{"rendered":"<div id=\"pl-gb7736-6a967733d2773\"  class=\"panel-layout wp-block-siteorigin-panels-layout-block\" ><div id=\"pg-gb7736-6a967733d2773-0\"  class=\"panel-grid panel-no-style\" ><div id=\"pgc-gb7736-6a967733d2773-0-0\"  class=\"panel-grid-cell\" ><div id=\"panel-gb7736-6a967733d2773-0-0-0\" class=\"so-panel widget widget_text panel-first-child\" data-index=\"0\" ><div class=\"panel-widget-style panel-widget-style-for-gb7736-6a967733d2773-0-0-0\" >\t\t\t<div class=\"textwidget\"><p>&nbsp;<\/p>\n<p>&nbsp;<\/p>\n<p>&nbsp;<\/p>\n<p>&nbsp;<\/p>\n<p>&nbsp;<\/p>\n<p>&nbsp;<\/p>\n<p>&nbsp;<\/p>\n<\/div>\n\t\t<\/div><\/div><div id=\"panel-gb7736-6a967733d2773-0-0-1\" class=\"so-panel widget widget_sow-headline\" data-index=\"1\" ><div\n\t\t\t\n\t\t\tclass=\"so-widget-sow-headline so-widget-sow-headline-default-501219ae551c-7736 so-widget-fittext-wrapper\"\n\t\t\t data-fit-text-compressor=\"0.85\"\n\t\t><div class=\"sow-headline-container \">\n\t\t\t\t\t\t\t<h2 class=\"sow-headline\">\n\t\t\t\t\t\tnach einer schwierigen Ankunft\t\t\t\t\t\t<\/h2>\n\t\t\t\t\t\t\t\t\t\t\t\t<h5 class=\"sow-sub-headline\">\n\t\t\t\t\t\twenn Dein Kind Unterst\u00fctzung braucht\t\t\t\t\t\t<\/h5>\n\t\t\t\t\t\t\t\t\t\t\t<div class=\"decoration\">\n\t\t\t\t\t\t<div class=\"decoration-inside\"><\/div>\n\t\t\t\t\t<\/div>\n\t\t\t\t\t<\/div>\n<\/div><\/div><div id=\"panel-gb7736-6a967733d2773-0-0-2\" class=\"so-panel widget widget_sow-editor\" data-index=\"2\" ><div\n\t\t\t\n\t\t\tclass=\"so-widget-sow-editor so-widget-sow-editor-base\"\n\t\t\t\n\t\t>\n<div class=\"siteorigin-widget-tinymce textwidget\">\n\t<p>&nbsp;<\/p>\n<p>Wenn die Geburt nicht so verlaufen ist, wie Du Dir das f\u00fcr Dich und Dein Kind gew\u00fcnscht h\u00e4ttest, dann ist es umso wichtiger, das Geschehen so bald wie m\u00f6glich zu beleuchten, ..<\/p>\n<p>.. damit der Schmerz und das seelische Leid sich nicht verfestigen und der Weg frei wird f\u00fcr eine gesunde Entwicklung Deines Kindes und eine vertrauensvolle Mutter-Kind-Beziehung.<\/p>\n<p>&nbsp;<\/p>\n<h5 style=\"text-align: center\">Kaiserschnitt, Zange, Saugglocke, Dammschnitt, H\u00e4morrhagie,\u00a0..<\/h5>\n<h5 style=\"text-align: center\">Gewalt unter der Geburt oder das Gef\u00fchl von Leere und Emotionslosigkeit im Wochenbett.<\/h5>\n<p>&nbsp;<\/p>\n<p>Je eher Du in Frieden mit dem Geburtsgeschehen kommst, umso schneller bist Du wieder bei Kr\u00e4ften und kannst f\u00fcr Dein Kind da sein. Umso einfacher kann eine reine Herz-zu-Herz-Verbindung zu Deinem Kind entstehen und es in Geborgenheit und Vertrauen aufwachsen.<\/p>\n<p>&nbsp;<\/p>\n<p style=\"text-align: center\">\u00a0* \u00a0 \u00a0* \u00a0 \u00a0*<\/p>\n<p>&nbsp;<\/p>\n<p>Sollte Dein Baby als \u00ab\u00a0<strong>Fr\u00fchchen<\/strong>\u00a0\u00bb auf die Welt gekommen sein und <strong>noch in der Klinik<\/strong>\u00a0&lsquo;wohnen&rsquo;, begleite ich Euch beide gerne auf Distanz, damit sobald wie m\u00f6glich ein energetisch geborgener Raum f\u00fcr Dein Baby geschaffen werden kann, in dem es in Sicherheit weiterwachsen kann. Je fr\u00fcher Traumen, bei Dir und Deinem Kind, aufgel\u00f6st werden, je vertrauensvoller und gelassener Du mit dieser Situation umgehen lernst, umso st\u00e4rker ist Deine Pr\u00e4senz und Dein Baby kann Deine Liebe intensiver sp\u00fcren. Ich helfe Dir dabei zu innerer Ruhe und ins Vertrauen zu kommen und unterst\u00fctze Dich dabei eine telepathische Verbindung mit Deinem Baby aufzubauen, damit es sich auch in der Ferne weiterhin mit Dir verbunden f\u00fchlt. So entwickelt sich ein ganz besonderes Band zwischen Euch beiden. (Dasselbe gilt auch f\u00fcr den Vater.)<\/p>\n<p style=\"text-align: left\">Denn Euer Kind braucht ganz besonders viel Liebe und eine ganz spezielle Begleitung.<\/p>\n<p>&nbsp;<\/p>\n<\/div>\n<\/div><\/div><div id=\"panel-gb7736-6a967733d2773-0-0-3\" class=\"so-panel widget widget_sow-headline\" data-index=\"3\" ><div class=\"panel-widget-style panel-widget-style-for-gb7736-6a967733d2773-0-0-3\" ><div\n\t\t\t\n\t\t\tclass=\"so-widget-sow-headline so-widget-sow-headline-default-08eb43a02b26-7736\"\n\t\t\t\n\t\t><div class=\"sow-headline-container \">\n\t\t\t\t\t\t\t<h3 class=\"sow-headline\">\n\t\t\t\t\t\tDie Mutter ist Garant f\u00fcr das Vertrauen,\t\t\t\t\t\t<\/h3>\n\t\t\t\t\t\t\t\t\t\t\t\t<h4 class=\"sow-sub-headline\">\n\t\t\t\t\t\tdas das Neugeborene f\u00fcr sein Leben erh\u00e4lt. \t\t\t\t\t\t<\/h4>\n\t\t\t\t\t\t<\/div>\n<\/div><\/div><\/div><div id=\"panel-gb7736-6a967733d2773-0-0-4\" class=\"so-panel widget widget_sow-editor panel-last-child\" data-index=\"4\" ><div\n\t\t\t\n\t\t\tclass=\"so-widget-sow-editor so-widget-sow-editor-base\"\n\t\t\t\n\t\t>\n<div class=\"siteorigin-widget-tinymce textwidget\">\n\t<h5 style=\"text-align: center\">Wer im Vertrauen aufw\u00e4chst, hat keine Angst<\/h5>\n<h5 style=\"text-align: center\">und entwickelt sich zu einem gesunden starken Menschen.<\/h5>\n<\/div>\n<\/div><\/div><\/div><\/div><\/div>\n\n<div id=\"pl-gb7736-6a967733ef4e4\"  class=\"panel-layout wp-block-siteorigin-panels-layout-block\" ><div id=\"pg-gb7736-6a967733ef4e4-0\"  class=\"panel-grid panel-no-style\" ><div id=\"pgc-gb7736-6a967733ef4e4-0-0\"  class=\"panel-grid-cell\" ><div id=\"panel-gb7736-6a967733ef4e4-0-0-0\" class=\"so-panel widget widget_sow-editor panel-first-child panel-last-child\" data-index=\"0\" ><div\n\t\t\t\n\t\t\tclass=\"so-widget-sow-editor so-widget-sow-editor-base\"\n\t\t\t\n\t\t><h3 class=\"widget-title\">Mutter-Fr\u00fchchen-Begleitung<\/h3>\n<div class=\"siteorigin-widget-tinymce textwidget\">\n\t<p>Eure Situation ist einzigartig. Auf Euerem Weg wird Euch so manch unbekannte Herausforderung begegnen. Doch so \u00fcberfordernd er gerade scheint. Er ist gehbar. Schritt f\u00fcr Schritt. Im Vertrauen auf das Leben ist mehr m\u00f6glich, als ihr Euch derzeit vielleicht vorstellen k\u00f6nnt.<\/p>\n<p>Jedwede Begleitung bedarf eines pers\u00f6nlichen Vorgespr\u00e4chs, um herauszufinden,<\/p>\n<ul>\n<li>was Du als Neu-Mutter und eigentlich Noch-Schwangere zur Traumal\u00f6sung und aktuellen St\u00e4rkung brauchst;<\/li>\n<li>wie ich Euch als Eltern emotional und geistig unterst\u00fctzen kann und vor allem<\/li>\n<li>wie es Eurem Kind geht und welche energetische Begleitung ihm auf seinem Weg am Hilfreichsten ist.<\/li>\n<\/ul>\n<p>W\u00e4hrend der Fernbehandlungen untersuche ich was zu der Fr\u00fchgeburt gef\u00fchrt hat, um dessen Ursache zu kl\u00e4ren und somit weiteres Konfliktpotential zu beseitigen, wo sich die Seele Eures Kindes auf ihrem Inkarnationsweg befindet und welche Art der Unterst\u00fctzung sie braucht, als auch was im K\u00f6rper Eures Kindes energetisch harmonisiert und wie er in seinem Wachstum gest\u00e4rkt werden kann.<\/p>\n<p>Gerne kannst Du Dich f\u00fcr ein unverbindliches kostenfreies Vorgespr\u00e4ch bei mir melden.<\/p>\n<\/div>\n<\/div><\/div><\/div><div id=\"pgc-gb7736-6a967733ef4e4-0-1\"  class=\"panel-grid-cell\" ><div id=\"panel-gb7736-6a967733ef4e4-0-1-0\" class=\"so-panel widget widget_media_image panel-first-child\" data-index=\"1\" ><img fetchpriority=\"high\" decoding=\"async\" width=\"300\" height=\"198\" src=\"https:\/\/bewusstschwanger.ch\/wp-content\/uploads\/2023\/04\/IC-Fruhchen-300x198.jpg\" class=\"image wp-image-7385  attachment-medium size-medium\" alt=\"Fr\u00fchchen Geburtsheilung Bewusstschwanger.ch\" style=\"max-width: 100%; height: auto;\" srcset=\"https:\/\/bewusstschwanger.ch\/wp-content\/uploads\/2023\/04\/IC-Fruhchen-300x198.jpg 300w, https:\/\/bewusstschwanger.ch\/wp-content\/uploads\/2023\/04\/IC-Fruhchen-1024x678.jpg 1024w, https:\/\/bewusstschwanger.ch\/wp-content\/uploads\/2023\/04\/IC-Fruhchen-768x508.jpg 768w, https:\/\/bewusstschwanger.ch\/wp-content\/uploads\/2023\/04\/IC-Fruhchen-1536x1016.jpg 1536w, https:\/\/bewusstschwanger.ch\/wp-content\/uploads\/2023\/04\/IC-Fruhchen-2048x1355.jpg 2048w, https:\/\/bewusstschwanger.ch\/wp-content\/uploads\/2023\/04\/IC-Fruhchen-750x496.jpg 750w, https:\/\/bewusstschwanger.ch\/wp-content\/uploads\/2023\/04\/IC-Fruhchen-400x265.jpg 400w, https:\/\/bewusstschwanger.ch\/wp-content\/uploads\/2023\/04\/IC-Fruhchen-430x285.jpg 430w, https:\/\/bewusstschwanger.ch\/wp-content\/uploads\/2023\/04\/IC-Fruhchen-150x99.jpg 150w, https:\/\/bewusstschwanger.ch\/wp-content\/uploads\/2023\/04\/IC-Fruhchen-100x66.jpg 100w\" sizes=\"(max-width: 300px) 100vw, 300px\" \/><\/div><div id=\"panel-gb7736-6a967733ef4e4-0-1-1\" class=\"so-panel widget widget_sow-editor panel-last-child\" data-index=\"2\" ><div\n\t\t\t\n\t\t\tclass=\"so-widget-sow-editor so-widget-sow-editor-base\"\n\t\t\t\n\t\t>\n<div class=\"siteorigin-widget-tinymce textwidget\">\n\t<h6>F\u00fcr wen<\/h6>\n<p>M\u00fctter\/Eltern von Fr\u00fchchen oder Babys auf der Intensivstation<\/p>\n<h6>Dauer<\/h6>\n<p>individuell je nach Situation<\/p>\n<h6>Tarif<\/h6>\n<p>individuell zu vereinbaren<\/p>\n<\/div>\n<\/div><\/div><\/div><\/div><\/div>","protected":false},"excerpt":{"rendered":"<p>&nbsp; &nbsp; &nbsp; &nbsp; &nbsp; &nbsp; &nbsp; &nbsp; Wenn die Geburt nicht so verlaufen ist, wie Du Dir das f\u00fcr Dich und Dein Kind gew\u00fcnscht h\u00e4ttest, dann ist es umso [&hellip;]<\/p>\n","protected":false},"author":1,"featured_media":0,"parent":0,"menu_order":0,"comment_status":"closed","ping_status":"closed","template":"elementor_header_footer","meta":{"footnotes":""},"class_list":["post-7736","page","type-page","status-publish","hentry"],"yoast_head":"<!-- This site is optimized with the Yoast SEO plugin v28.1 - https:\/\/yoast.com\/product\/yoast-seo-wordpress\/ -->\n<title>f\u00fcr das Neugeborene - Bewusst schwanger<\/title>\n<meta name=\"description\" content=\"Geburtsheilung: Wenn die Geburt nicht so verlaufen ist, wie .. Trauma- und Pr\u00e4gungs-Aufl\u00f6sung f\u00fcr Mutter &amp; Kind. Spezielle Fr\u00fchchen-Begleitung.\" \/>\n<meta name=\"robots\" content=\"index, follow, max-snippet:-1, max-image-preview:large, max-video-preview:-1\" \/>\n<link rel=\"canonical\" href=\"https:\/\/bewusstschwanger.ch\/index.php\/fuer-das-neugeborene\/\" \/>\n<meta property=\"og:locale\" content=\"fr_FR\" \/>\n<meta property=\"og:type\" content=\"article\" \/>\n<meta property=\"og:title\" content=\"f\u00fcr das Neugeborene - Bewusst schwanger\" \/>\n<meta property=\"og:description\" content=\"Geburtsheilung: Wenn die Geburt nicht so verlaufen ist, wie .. Trauma- und Pr\u00e4gungs-Aufl\u00f6sung f\u00fcr Mutter &amp; Kind. Spezielle Fr\u00fchchen-Begleitung.\" \/>\n<meta property=\"og:url\" content=\"https:\/\/bewusstschwanger.ch\/index.php\/fuer-das-neugeborene\/\" \/>\n<meta property=\"og:site_name\" content=\"Bewusst schwanger\" \/>\n<meta property=\"article:modified_time\" content=\"2026-05-31T21:02:04+00:00\" \/>\n<meta name=\"twitter:card\" content=\"summary_large_image\" \/>\n<meta name=\"twitter:label1\" content=\"Dur\u00e9e de lecture estim\u00e9e\" \/>\n\t<meta name=\"twitter:data1\" content=\"6 minutes\" \/>\n<script type=\"application\/ld+json\" class=\"yoast-schema-graph\">{\"@context\":\"https:\\\/\\\/schema.org\",\"@graph\":[{\"@type\":\"WebPage\",\"@id\":\"https:\\\/\\\/bewusstschwanger.ch\\\/index.php\\\/fuer-das-neugeborene\\\/\",\"url\":\"https:\\\/\\\/bewusstschwanger.ch\\\/index.php\\\/fuer-das-neugeborene\\\/\",\"name\":\"f\u00fcr das Neugeborene - Bewusst schwanger\",\"isPartOf\":{\"@id\":\"https:\\\/\\\/bewusstschwanger.ch\\\/#website\"},\"datePublished\":\"2026-05-31T20:25:05+00:00\",\"dateModified\":\"2026-05-31T21:02:04+00:00\",\"description\":\"Geburtsheilung: Wenn die Geburt nicht so verlaufen ist, wie .. Trauma- und Pr\u00e4gungs-Aufl\u00f6sung f\u00fcr Mutter & Kind. Spezielle Fr\u00fchchen-Begleitung.\",\"breadcrumb\":{\"@id\":\"https:\\\/\\\/bewusstschwanger.ch\\\/index.php\\\/fuer-das-neugeborene\\\/#breadcrumb\"},\"inLanguage\":\"fr-FR\",\"potentialAction\":[{\"@type\":\"ReadAction\",\"target\":[\"https:\\\/\\\/bewusstschwanger.ch\\\/index.php\\\/fuer-das-neugeborene\\\/\"]}]},{\"@type\":\"BreadcrumbList\",\"@id\":\"https:\\\/\\\/bewusstschwanger.ch\\\/index.php\\\/fuer-das-neugeborene\\\/#breadcrumb\",\"itemListElement\":[{\"@type\":\"ListItem\",\"position\":1,\"name\":\"Home\",\"item\":\"https:\\\/\\\/bewusstschwanger.ch\\\/\"},{\"@type\":\"ListItem\",\"position\":2,\"name\":\"f\u00fcr das Neugeborene\"}]},{\"@type\":\"WebSite\",\"@id\":\"https:\\\/\\\/bewusstschwanger.ch\\\/#website\",\"url\":\"https:\\\/\\\/bewusstschwanger.ch\\\/\",\"name\":\"Bewusst schwanger\",\"description\":\"f\u00fcr ein heiles Ankommen und eine respektvolle Geburt\",\"potentialAction\":[{\"@type\":\"SearchAction\",\"target\":{\"@type\":\"EntryPoint\",\"urlTemplate\":\"https:\\\/\\\/bewusstschwanger.ch\\\/?s={search_term_string}\"},\"query-input\":{\"@type\":\"PropertyValueSpecification\",\"valueRequired\":true,\"valueName\":\"search_term_string\"}}],\"inLanguage\":\"fr-FR\"}]}<\/script>\n<!-- \/ Yoast SEO plugin. -->","yoast_head_json":{"title":"f\u00fcr das Neugeborene - Bewusst schwanger","description":"Geburtsheilung: Wenn die Geburt nicht so verlaufen ist, wie .. Trauma- und Pr\u00e4gungs-Aufl\u00f6sung f\u00fcr Mutter & Kind. Spezielle Fr\u00fchchen-Begleitung.","robots":{"index":"index","follow":"follow","max-snippet":"max-snippet:-1","max-image-preview":"max-image-preview:large","max-video-preview":"max-video-preview:-1"},"canonical":"https:\/\/bewusstschwanger.ch\/index.php\/fuer-das-neugeborene\/","og_locale":"fr_FR","og_type":"article","og_title":"f\u00fcr das Neugeborene - Bewusst schwanger","og_description":"Geburtsheilung: Wenn die Geburt nicht so verlaufen ist, wie .. Trauma- und Pr\u00e4gungs-Aufl\u00f6sung f\u00fcr Mutter & Kind. Spezielle Fr\u00fchchen-Begleitung.","og_url":"https:\/\/bewusstschwanger.ch\/index.php\/fuer-das-neugeborene\/","og_site_name":"Bewusst schwanger","article_modified_time":"2026-05-31T21:02:04+00:00","twitter_card":"summary_large_image","twitter_misc":{"Dur\u00e9e de lecture estim\u00e9e":"6 minutes"},"schema":{"@context":"https:\/\/schema.org","@graph":[{"@type":"WebPage","@id":"https:\/\/bewusstschwanger.ch\/index.php\/fuer-das-neugeborene\/","url":"https:\/\/bewusstschwanger.ch\/index.php\/fuer-das-neugeborene\/","name":"f\u00fcr das Neugeborene - Bewusst schwanger","isPartOf":{"@id":"https:\/\/bewusstschwanger.ch\/#website"},"datePublished":"2026-05-31T20:25:05+00:00","dateModified":"2026-05-31T21:02:04+00:00","description":"Geburtsheilung: Wenn die Geburt nicht so verlaufen ist, wie .. Trauma- und Pr\u00e4gungs-Aufl\u00f6sung f\u00fcr Mutter & Kind. Spezielle Fr\u00fchchen-Begleitung.","breadcrumb":{"@id":"https:\/\/bewusstschwanger.ch\/index.php\/fuer-das-neugeborene\/#breadcrumb"},"inLanguage":"fr-FR","potentialAction":[{"@type":"ReadAction","target":["https:\/\/bewusstschwanger.ch\/index.php\/fuer-das-neugeborene\/"]}]},{"@type":"BreadcrumbList","@id":"https:\/\/bewusstschwanger.ch\/index.php\/fuer-das-neugeborene\/#breadcrumb","itemListElement":[{"@type":"ListItem","position":1,"name":"Home","item":"https:\/\/bewusstschwanger.ch\/"},{"@type":"ListItem","position":2,"name":"f\u00fcr das Neugeborene"}]},{"@type":"WebSite","@id":"https:\/\/bewusstschwanger.ch\/#website","url":"https:\/\/bewusstschwanger.ch\/","name":"Bewusst schwanger","description":"f\u00fcr ein heiles Ankommen und eine respektvolle Geburt","potentialAction":[{"@type":"SearchAction","target":{"@type":"EntryPoint","urlTemplate":"https:\/\/bewusstschwanger.ch\/?s={search_term_string}"},"query-input":{"@type":"PropertyValueSpecification","valueRequired":true,"valueName":"search_term_string"}}],"inLanguage":"fr-FR"}]}},"_links":{"self":[{"href":"https:\/\/bewusstschwanger.ch\/index.php\/wp-json\/wp\/v2\/pages\/7736","targetHints":{"allow":["GET"]}}],"collection":[{"href":"https:\/\/bewusstschwanger.ch\/index.php\/wp-json\/wp\/v2\/pages"}],"about":[{"href":"https:\/\/bewusstschwanger.ch\/index.php\/wp-json\/wp\/v2\/types\/page"}],"author":[{"embeddable":true,"href":"https:\/\/bewusstschwanger.ch\/index.php\/wp-json\/wp\/v2\/users\/1"}],"replies":[{"embeddable":true,"href":"https:\/\/bewusstschwanger.ch\/index.php\/wp-json\/wp\/v2\/comments?post=7736"}],"version-history":[{"count":5,"href":"https:\/\/bewusstschwanger.ch\/index.php\/wp-json\/wp\/v2\/pages\/7736\/revisions"}],"predecessor-version":[{"id":7768,"href":"https:\/\/bewusstschwanger.ch\/index.php\/wp-json\/wp\/v2\/pages\/7736\/revisions\/7768"}],"wp:attachment":[{"href":"https:\/\/bewusstschwanger.ch\/index.php\/wp-json\/wp\/v2\/media?parent=7736"}],"curies":[{"name":"wp","href":"https:\/\/api.w.org\/{rel}","templated":true}]}}