{"id":7558,"date":"2026-05-27T13:42:10","date_gmt":"2026-05-27T13:42:10","guid":{"rendered":"https:\/\/bewusstschwanger.ch\/?page_id=7558"},"modified":"2026-07-28T11:47:08","modified_gmt":"2026-07-28T11:47:08","slug":"buch","status":"publish","type":"page","link":"https:\/\/bewusstschwanger.ch\/index.php\/buch\/","title":{"rendered":"Buch"},"content":{"rendered":"\t\t<div data-elementor-type=\"wp-page\" data-elementor-id=\"7558\" class=\"elementor elementor-7558\">\n\t\t\t\t\t\t<section class=\"elementor-section elementor-top-section elementor-element elementor-element-a473f7f elementor-section-boxed elementor-section-height-default elementor-section-height-default\" data-id=\"a473f7f\" data-element_type=\"section\" data-e-type=\"section\" data-settings=\"{&quot;background_background&quot;:&quot;classic&quot;}\">\n\t\t\t\t\t\t<div class=\"elementor-container elementor-column-gap-default\">\n\t\t\t\t\t<div class=\"elementor-column elementor-col-100 elementor-top-column elementor-element elementor-element-6dc2bee\" data-id=\"6dc2bee\" data-element_type=\"column\" data-e-type=\"column\">\n\t\t\t<div class=\"elementor-widget-wrap elementor-element-populated\">\n\t\t\t\t\t\t<div class=\"elementor-element elementor-element-036d6c4 elementor-widget elementor-widget-heading\" data-id=\"036d6c4\" data-element_type=\"widget\" data-e-type=\"widget\" data-widget_type=\"heading.default\">\n\t\t\t\t<div class=\"elementor-widget-container\">\n\t\t\t\t\t<h1 class=\"elementor-heading-title elementor-size-default\">Die Babyseele spricht<\/h1>\t\t\t\t<\/div>\n\t\t\t\t<\/div>\n\t\t\t\t<div class=\"elementor-element elementor-element-d2a2b22 elementor-widget elementor-widget-text-editor\" data-id=\"d2a2b22\" data-element_type=\"widget\" data-e-type=\"widget\" data-widget_type=\"text-editor.default\">\n\t\t\t\t<div class=\"elementor-widget-container\">\n\t\t\t\t\t\t\t\t\t<h5>Wie der mediale Kontakt mit Deinem Kind zu einer erf\u00fcllten Geburt f\u00fchrt.<\/h5>\t\t\t\t\t\t\t\t<\/div>\n\t\t\t\t<\/div>\n\t\t\t\t<div class=\"elementor-element elementor-element-904aed3 elementor-widget elementor-widget-text-editor\" data-id=\"904aed3\" data-element_type=\"widget\" data-e-type=\"widget\" data-widget_type=\"text-editor.default\">\n\t\t\t\t<div class=\"elementor-widget-container\">\n\t\t\t\t\t\t\t\t\t<div class=\"elementor-element elementor-element-16657d9 elementor-widget elementor-widget-text-editor\" data-id=\"16657d9\" data-element_type=\"widget\" data-widget_type=\"text-editor.default\"><p class=\"elementor-widget-container\" style=\"text-align: center;\">Damit Du den Weg ins Muttersein, Schwangerschaft und Geburt bewusst erleben und gestalten kannst.<\/p><\/div>\t\t\t\t\t\t\t\t<\/div>\n\t\t\t\t<\/div>\n\t\t\t\t\t<\/div>\n\t\t<\/div>\n\t\t\t\t\t<\/div>\n\t\t<\/section>\n\t\t\t\t<section class=\"elementor-section elementor-top-section elementor-element elementor-element-caad41f elementor-section-boxed elementor-section-height-default elementor-section-height-default\" data-id=\"caad41f\" data-element_type=\"section\" data-e-type=\"section\" data-settings=\"{&quot;background_background&quot;:&quot;classic&quot;}\">\n\t\t\t\t\t\t<div class=\"elementor-container elementor-column-gap-default\">\n\t\t\t\t\t<div class=\"elementor-column elementor-col-66 elementor-top-column elementor-element elementor-element-c95b2f9\" data-id=\"c95b2f9\" data-element_type=\"column\" data-e-type=\"column\">\n\t\t\t<div class=\"elementor-widget-wrap elementor-element-populated\">\n\t\t\t\t\t\t<div class=\"elementor-element elementor-element-5596106 elementor-widget elementor-widget-text-editor\" data-id=\"5596106\" data-element_type=\"widget\" data-e-type=\"widget\" data-widget_type=\"text-editor.default\">\n\t\t\t\t<div class=\"elementor-widget-container\">\n\t\t\t\t\t\t\t\t\t<p>Du bist schwanger oder w\u00fcnschst Dir ein Kind.<\/p><p data-start=\"673\" data-end=\"764\">Du sp\u00fcrst,<br \/>da\u00df Schwangerschaft und Geburt weit mehr sind<br \/>als rein k\u00f6rperliche Vorg\u00e4nge.<\/p><p data-start=\"673\" data-end=\"764\">\u00a0<\/p><p data-start=\"769\" data-end=\"872\">Du nimmst vielleicht bereits wahr,<br \/>da\u00df Kinder schon fr\u00fch auf feine Weise mit uns in Beziehung treten,<\/p><p data-start=\"877\" data-end=\"977\">und da\u00df Mutter-Werden nicht nur neues Leben hervorbringt \u2014<br \/>sondern auch die Frau selbst ver\u00e4ndert.<\/p><p data-start=\"877\" data-end=\"977\">\u00a0<\/p><p data-start=\"877\" data-end=\"977\">Es ist Dir wichtig,<br \/>Deinem Kind bewusst zu begegnen \u2014<br \/>bereits vor der Geburt.<\/p>\t\t\t\t\t\t\t\t<\/div>\n\t\t\t\t<\/div>\n\t\t\t\t\t<\/div>\n\t\t<\/div>\n\t\t\t\t<div class=\"elementor-column elementor-col-33 elementor-top-column elementor-element elementor-element-95d275e\" data-id=\"95d275e\" data-element_type=\"column\" data-e-type=\"column\">\n\t\t\t<div class=\"elementor-widget-wrap elementor-element-populated\">\n\t\t\t\t\t\t<div class=\"elementor-element elementor-element-a7ff6b6 elementor-widget__width-initial elementor-widget elementor-widget-image\" data-id=\"a7ff6b6\" data-element_type=\"widget\" data-e-type=\"widget\" data-widget_type=\"image.default\">\n\t\t\t\t<div class=\"elementor-widget-container\">\n\t\t\t\t\t\t\t\t\t\t\t\t\t\t\t<img fetchpriority=\"high\" decoding=\"async\" width=\"1024\" height=\"1024\" src=\"https:\/\/bewusstschwanger.ch\/wp-content\/uploads\/2023\/04\/IC-pregnant-pausedreamstime_l_270522432-scaled-e1681023759174-1024x1024.jpg\" class=\"attachment-large size-large wp-image-7442\" alt=\"\" srcset=\"https:\/\/bewusstschwanger.ch\/wp-content\/uploads\/2023\/04\/IC-pregnant-pausedreamstime_l_270522432-scaled-e1681023759174-1024x1024.jpg 1024w, https:\/\/bewusstschwanger.ch\/wp-content\/uploads\/2023\/04\/IC-pregnant-pausedreamstime_l_270522432-scaled-e1681023759174-300x300.jpg 300w, https:\/\/bewusstschwanger.ch\/wp-content\/uploads\/2023\/04\/IC-pregnant-pausedreamstime_l_270522432-scaled-e1681023759174-150x150.jpg 150w, https:\/\/bewusstschwanger.ch\/wp-content\/uploads\/2023\/04\/IC-pregnant-pausedreamstime_l_270522432-scaled-e1681023759174-768x768.jpg 768w, https:\/\/bewusstschwanger.ch\/wp-content\/uploads\/2023\/04\/IC-pregnant-pausedreamstime_l_270522432-scaled-e1681023759174-1536x1536.jpg 1536w, https:\/\/bewusstschwanger.ch\/wp-content\/uploads\/2023\/04\/IC-pregnant-pausedreamstime_l_270522432-scaled-e1681023759174-750x750.jpg 750w, https:\/\/bewusstschwanger.ch\/wp-content\/uploads\/2023\/04\/IC-pregnant-pausedreamstime_l_270522432-scaled-e1681023759174-400x400.jpg 400w, https:\/\/bewusstschwanger.ch\/wp-content\/uploads\/2023\/04\/IC-pregnant-pausedreamstime_l_270522432-scaled-e1681023759174-430x430.jpg 430w, https:\/\/bewusstschwanger.ch\/wp-content\/uploads\/2023\/04\/IC-pregnant-pausedreamstime_l_270522432-scaled-e1681023759174-100x100.jpg 100w, https:\/\/bewusstschwanger.ch\/wp-content\/uploads\/2023\/04\/IC-pregnant-pausedreamstime_l_270522432-scaled-e1681023759174.jpg 1708w\" sizes=\"(max-width: 1024px) 100vw, 1024px\" \/>\t\t\t\t\t\t\t\t\t\t\t\t\t\t\t<\/div>\n\t\t\t\t<\/div>\n\t\t\t\t\t<\/div>\n\t\t<\/div>\n\t\t\t\t\t<\/div>\n\t\t<\/section>\n\t\t\t\t<section class=\"elementor-section elementor-top-section elementor-element elementor-element-6a87cc7 elementor-section-boxed elementor-section-height-default elementor-section-height-default\" data-id=\"6a87cc7\" data-element_type=\"section\" data-e-type=\"section\" data-settings=\"{&quot;background_background&quot;:&quot;classic&quot;}\">\n\t\t\t\t\t\t<div class=\"elementor-container elementor-column-gap-default\">\n\t\t\t\t\t<div class=\"elementor-column elementor-col-33 elementor-top-column elementor-element elementor-element-f0c821d\" data-id=\"f0c821d\" data-element_type=\"column\" data-e-type=\"column\">\n\t\t\t<div class=\"elementor-widget-wrap elementor-element-populated\">\n\t\t\t\t\t\t<div class=\"elementor-element elementor-element-43e9bde elementor-widget elementor-widget-image\" data-id=\"43e9bde\" data-element_type=\"widget\" data-e-type=\"widget\" data-widget_type=\"image.default\">\n\t\t\t\t<div class=\"elementor-widget-container\">\n\t\t\t\t\t\t\t\t\t\t\t\t\t\t\t<img decoding=\"async\" width=\"1024\" height=\"684\" src=\"https:\/\/bewusstschwanger.ch\/wp-content\/uploads\/2026\/05\/hu-chen-6yi0oPZSNy4-unsplash-1024x684.jpg\" class=\"attachment-large size-large wp-image-7617\" alt=\"\" srcset=\"https:\/\/bewusstschwanger.ch\/wp-content\/uploads\/2026\/05\/hu-chen-6yi0oPZSNy4-unsplash-1024x684.jpg 1024w, https:\/\/bewusstschwanger.ch\/wp-content\/uploads\/2026\/05\/hu-chen-6yi0oPZSNy4-unsplash-300x200.jpg 300w, https:\/\/bewusstschwanger.ch\/wp-content\/uploads\/2026\/05\/hu-chen-6yi0oPZSNy4-unsplash-768x513.jpg 768w, https:\/\/bewusstschwanger.ch\/wp-content\/uploads\/2026\/05\/hu-chen-6yi0oPZSNy4-unsplash-1536x1025.jpg 1536w, https:\/\/bewusstschwanger.ch\/wp-content\/uploads\/2026\/05\/hu-chen-6yi0oPZSNy4-unsplash-2048x1367.jpg 2048w, https:\/\/bewusstschwanger.ch\/wp-content\/uploads\/2026\/05\/hu-chen-6yi0oPZSNy4-unsplash-750x501.jpg 750w, https:\/\/bewusstschwanger.ch\/wp-content\/uploads\/2026\/05\/hu-chen-6yi0oPZSNy4-unsplash-400x267.jpg 400w, https:\/\/bewusstschwanger.ch\/wp-content\/uploads\/2026\/05\/hu-chen-6yi0oPZSNy4-unsplash-430x287.jpg 430w, https:\/\/bewusstschwanger.ch\/wp-content\/uploads\/2026\/05\/hu-chen-6yi0oPZSNy4-unsplash-150x100.jpg 150w, https:\/\/bewusstschwanger.ch\/wp-content\/uploads\/2026\/05\/hu-chen-6yi0oPZSNy4-unsplash-100x67.jpg 100w, https:\/\/bewusstschwanger.ch\/wp-content\/uploads\/2026\/05\/hu-chen-6yi0oPZSNy4-unsplash-272x182.jpg 272w\" sizes=\"(max-width: 1024px) 100vw, 1024px\" \/>\t\t\t\t\t\t\t\t\t\t\t\t\t\t\t<\/div>\n\t\t\t\t<\/div>\n\t\t\t\t\t<\/div>\n\t\t<\/div>\n\t\t\t\t<div class=\"elementor-column elementor-col-66 elementor-top-column elementor-element elementor-element-48f1443\" data-id=\"48f1443\" data-element_type=\"column\" data-e-type=\"column\">\n\t\t\t<div class=\"elementor-widget-wrap elementor-element-populated\">\n\t\t\t\t\t\t<div class=\"elementor-element elementor-element-52f227b elementor-widget elementor-widget-text-editor\" data-id=\"52f227b\" data-element_type=\"widget\" data-e-type=\"widget\" data-widget_type=\"text-editor.default\">\n\t\t\t\t<div class=\"elementor-widget-container\">\n\t\t\t\t\t\t\t\t\t<p data-start=\"1868\" data-end=\"1975\">Kinder sp\u00fcren bereits im Mutterleib, wie sie angenommen werden \u2014 k\u00f6rperlich, emotional, in Gedanken und auf seelischer Ebene.<\/p><p data-start=\"1868\" data-end=\"1975\">\u00a0<\/p><p data-start=\"1980\" data-end=\"2037\">Nicht jedes Erleben eines Kindes ist physisch.<br \/>Auch die Seele erlebt ihr Ankommen auf ihre eigene Weise.<\/p>\t\t\t\t\t\t\t\t<\/div>\n\t\t\t\t<\/div>\n\t\t\t\t\t<\/div>\n\t\t<\/div>\n\t\t\t\t\t<\/div>\n\t\t<\/section>\n\t\t\t\t<section class=\"elementor-section elementor-top-section elementor-element elementor-element-3d7d4e9 elementor-section-boxed elementor-section-height-default elementor-section-height-default\" data-id=\"3d7d4e9\" data-element_type=\"section\" data-e-type=\"section\" data-settings=\"{&quot;background_background&quot;:&quot;classic&quot;}\">\n\t\t\t\t\t\t<div class=\"elementor-container elementor-column-gap-default\">\n\t\t\t\t\t<div class=\"elementor-column elementor-col-100 elementor-top-column elementor-element elementor-element-22bd855\" data-id=\"22bd855\" data-element_type=\"column\" data-e-type=\"column\">\n\t\t\t<div class=\"elementor-widget-wrap elementor-element-populated\">\n\t\t\t\t\t\t<div class=\"elementor-element elementor-element-2b4bff5 elementor-widget elementor-widget-heading\" data-id=\"2b4bff5\" data-element_type=\"widget\" data-e-type=\"widget\" data-widget_type=\"heading.default\">\n\t\t\t\t<div class=\"elementor-widget-container\">\n\t\t\t\t\t<h2 class=\"elementor-heading-title elementor-size-default\">Einf\u00fchrende Worte der Autorin<\/h2>\t\t\t\t<\/div>\n\t\t\t\t<\/div>\n\t\t\t\t<div class=\"elementor-element elementor-element-169dae0 elementor-widget elementor-widget-spacer\" data-id=\"169dae0\" data-element_type=\"widget\" data-e-type=\"widget\" data-widget_type=\"spacer.default\">\n\t\t\t\t<div class=\"elementor-widget-container\">\n\t\t\t\t\t\t\t<div class=\"elementor-spacer\">\n\t\t\t<div class=\"elementor-spacer-inner\"><\/div>\n\t\t<\/div>\n\t\t\t\t\t\t<\/div>\n\t\t\t\t<\/div>\n\t\t\t\t<div class=\"elementor-element elementor-element-c3466ae elementor-widget elementor-widget-text-editor\" data-id=\"c3466ae\" data-element_type=\"widget\" data-e-type=\"widget\" data-widget_type=\"text-editor.default\">\n\t\t\t\t<div class=\"elementor-widget-container\">\n\t\t\t\t\t\t\t\t\t<p data-start=\"761\" data-end=\"863\">Seit vielen Jahren begleite ich Frauen in meiner Praxis und in Seminaren auf ihrem Weg zu sich selbst. Ich bin verheiratet und Mutter von mittlerweile zwei erwachsenen S\u00f6hnen, die jetzt selbst dabei sind eine Familie zu gr\u00fcnden.<\/p><p data-start=\"932\" data-end=\"1169\">Vor einigen Jahren wurde ich in Sitzungen mit Frauen immer h\u00e4ufiger in deren vorgeburtliche Lebensphase gef\u00fchrt. Dabei zeigte sich, wie tief Schwangerschaft, Geburt und das eigene seelische Ankommen das sp\u00e4tere Leben pr\u00e4gen k\u00f6nnen.<\/p><p data-start=\"1174\" data-end=\"1367\">Und so habe ich mir Gedanken dar\u00fcber gemacht, weshalb die meisten Menschen einen gro\u00dfen Teil ihres Lebens damit verbringen, ihre fr\u00fchen Verletzungen und Erfahrungen innerlich wieder aufarbeiten zu m\u00fcssen \u2014 anstatt einfach von Anfang an mit sich selbst in Verbindung bleiben zu k\u00f6nnen.<\/p><p data-start=\"1372\" data-end=\"1567\">Daraus entwickelte sich der Wunsch, Kinder bewusster in ihrem Ankommen zu begleiten und M\u00fctter darin zu unterst\u00fctzen, ihrem Kind schon vor der Geburt auf tiefer Ebene zu begegnen. Mit der Zeit \u00f6ffnete sich daraus ein neuer Zugang zur Schwangerschafts- und Geburtsbegleitung,<br \/>der auch die seelische Ebene des Kindes mit einbezieht.<\/p><p data-start=\"1729\" data-end=\"1848\">Das Buch \u201e<em>Die Babyseele spricht<\/em>\u201c erz\u00e4hlt von den ersten Kindern und M\u00fcttern, die ich auf diesem Weg begleiten durfte. Es verbindet mediale Wahrnehmungen, pers\u00f6nliche Erfahrungen<br \/>und konkrete Impulse f\u00fcr eine bewusstere Gestaltung dieser besonderen Lebensphase \u2014<\/p><p style=\"text-align: left;\" data-start=\"1853\" data-end=\"2017\">von vor der Zeugung bis hin zur Geburt und dar\u00fcber hinaus.<\/p>\t\t\t\t\t\t\t\t<\/div>\n\t\t\t\t<\/div>\n\t\t\t\t<div class=\"elementor-element elementor-element-4619067 elementor-widget-divider--view-line elementor-widget elementor-widget-divider\" data-id=\"4619067\" data-element_type=\"widget\" data-e-type=\"widget\" data-widget_type=\"divider.default\">\n\t\t\t\t<div class=\"elementor-widget-container\">\n\t\t\t\t\t\t\t<div class=\"elementor-divider\">\n\t\t\t<span class=\"elementor-divider-separator\">\n\t\t\t\t\t\t<\/span>\n\t\t<\/div>\n\t\t\t\t\t\t<\/div>\n\t\t\t\t<\/div>\n\t\t\t\t<div class=\"elementor-element elementor-element-45df496 elementor-widget elementor-widget-heading\" data-id=\"45df496\" data-element_type=\"widget\" data-e-type=\"widget\" data-widget_type=\"heading.default\">\n\t\t\t\t<div class=\"elementor-widget-container\">\n\t\t\t\t\t<h2 class=\"elementor-heading-title elementor-size-default\">Im Gespr\u00e4ch mit der Autorin<\/h2>\t\t\t\t<\/div>\n\t\t\t\t<\/div>\n\t\t\t\t<div class=\"elementor-element elementor-element-f89556f elementor-widget elementor-widget-text-editor\" data-id=\"f89556f\" data-element_type=\"widget\" data-e-type=\"widget\" data-widget_type=\"text-editor.default\">\n\t\t\t\t<div class=\"elementor-widget-container\">\n\t\t\t\t\t\t\t\t\t<p style=\"text-align: center;\">Ein Gespr\u00e4ch mit der Autorin \u00fcber Schwangerschaft, Geburt<br \/>und das seelische Ankommen eines Kindes.<\/p>\t\t\t\t\t\t\t\t<\/div>\n\t\t\t\t<\/div>\n\t\t\t\t\t<\/div>\n\t\t<\/div>\n\t\t\t\t\t<\/div>\n\t\t<\/section>\n\t\t\t\t<section class=\"elementor-section elementor-top-section elementor-element elementor-element-c99a56c elementor-section-boxed elementor-section-height-default elementor-section-height-default\" data-id=\"c99a56c\" data-element_type=\"section\" data-e-type=\"section\" data-settings=\"{&quot;background_background&quot;:&quot;classic&quot;}\">\n\t\t\t\t\t\t<div class=\"elementor-container elementor-column-gap-default\">\n\t\t\t\t\t<div class=\"elementor-column elementor-col-33 elementor-top-column elementor-element elementor-element-ca43a59\" data-id=\"ca43a59\" data-element_type=\"column\" data-e-type=\"column\">\n\t\t\t<div class=\"elementor-widget-wrap elementor-element-populated\">\n\t\t\t\t\t\t\t<\/div>\n\t\t<\/div>\n\t\t\t\t<div class=\"elementor-column elementor-col-33 elementor-top-column elementor-element elementor-element-2204584\" data-id=\"2204584\" data-element_type=\"column\" data-e-type=\"column\">\n\t\t\t<div class=\"elementor-widget-wrap elementor-element-populated\">\n\t\t\t\t\t\t<div class=\"elementor-element elementor-element-f91ff64 elementor-widget elementor-widget-video\" data-id=\"f91ff64\" data-element_type=\"widget\" data-e-type=\"widget\" data-settings=\"{&quot;youtube_url&quot;:&quot;https:\\\/\\\/www.youtube.com\\\/watch?v=bOqXcTIDlko&amp;t=1s&quot;,&quot;video_type&quot;:&quot;youtube&quot;,&quot;controls&quot;:&quot;yes&quot;}\" data-widget_type=\"video.default\">\n\t\t\t\t<div class=\"elementor-widget-container\">\n\t\t\t\t\t\t\t<div class=\"elementor-wrapper elementor-open-inline\">\n\t\t\t<div class=\"elementor-video\"><\/div>\t\t<\/div>\n\t\t\t\t\t\t<\/div>\n\t\t\t\t<\/div>\n\t\t\t\t\t<\/div>\n\t\t<\/div>\n\t\t\t\t<div class=\"elementor-column elementor-col-33 elementor-top-column elementor-element elementor-element-e590612\" data-id=\"e590612\" data-element_type=\"column\" data-e-type=\"column\">\n\t\t\t<div class=\"elementor-widget-wrap elementor-element-populated\">\n\t\t\t\t\t\t\t<\/div>\n\t\t<\/div>\n\t\t\t\t\t<\/div>\n\t\t<\/section>\n\t\t\t\t<section class=\"elementor-section elementor-top-section elementor-element elementor-element-8cb1aea elementor-section-boxed elementor-section-height-default elementor-section-height-default\" data-id=\"8cb1aea\" data-element_type=\"section\" data-e-type=\"section\" data-settings=\"{&quot;background_background&quot;:&quot;classic&quot;}\">\n\t\t\t\t\t\t<div class=\"elementor-container elementor-column-gap-default\">\n\t\t\t\t\t<div class=\"elementor-column elementor-col-100 elementor-top-column elementor-element elementor-element-7cb6cc5\" data-id=\"7cb6cc5\" data-element_type=\"column\" data-e-type=\"column\">\n\t\t\t<div class=\"elementor-widget-wrap elementor-element-populated\">\n\t\t\t\t\t\t<div class=\"elementor-element elementor-element-93bda45 elementor-widget elementor-widget-heading\" data-id=\"93bda45\" data-element_type=\"widget\" data-e-type=\"widget\" data-widget_type=\"heading.default\">\n\t\t\t\t<div class=\"elementor-widget-container\">\n\t\t\t\t\t<h2 class=\"elementor-heading-title elementor-size-default\">Vom bewussten Ankommen im Leben<\/h2>\t\t\t\t<\/div>\n\t\t\t\t<\/div>\n\t\t\t\t<div class=\"elementor-element elementor-element-9d6db47 elementor-widget elementor-widget-spacer\" data-id=\"9d6db47\" data-element_type=\"widget\" data-e-type=\"widget\" data-widget_type=\"spacer.default\">\n\t\t\t\t<div class=\"elementor-widget-container\">\n\t\t\t\t\t\t\t<div class=\"elementor-spacer\">\n\t\t\t<div class=\"elementor-spacer-inner\"><\/div>\n\t\t<\/div>\n\t\t\t\t\t\t<\/div>\n\t\t\t\t<\/div>\n\t\t\t\t<div class=\"elementor-element elementor-element-c305a49 elementor-widget elementor-widget-text-editor\" data-id=\"c305a49\" data-element_type=\"widget\" data-e-type=\"widget\" data-widget_type=\"text-editor.default\">\n\t\t\t\t<div class=\"elementor-widget-container\">\n\t\t\t\t\t\t\t\t\t<p data-start=\"1166\" data-end=\"1287\">\u201e<em>Die Babyseele spricht<\/em>\u201c er\u00f6ffnet einen bewussteren Blick auf Schwangerschaft, Geburt und die Ankunft eines Kindes. Das Buch l\u00e4dt dazu ein, die Zeit vor und w\u00e4hrend der Geburt nicht nur k\u00f6rperlich, sondern auch emotional und seelisch wahrzunehmen.<\/p><h6 data-start=\"1292\" data-end=\"1427\">\u00a0<\/h6><p data-start=\"1432\" data-end=\"1650\">Es beschreibt, wie eng Kinder bereits vor der Geburt mit dem Erleben ihrer Eltern verbunden sind und wie sich innere Zust\u00e4nde, Pr\u00e4gungen und unausgesprochene Themen auf das Ankommen eines Kindes auswirken k\u00f6nnen.<\/p><h6 data-start=\"1432\" data-end=\"1650\">\u00a0<\/h6><p data-start=\"1655\" data-end=\"1848\">Gleichzeitig zeigt das Buch, wie durch bewusste Wahrnehmung, innere Kl\u00e4rung und den medialen Kontakt zum Kind bereits w\u00e4hrend der Schwangerschaft eine tiefere Verbindung entstehen kann.<\/p><p data-start=\"1853\" data-end=\"1970\">So \u00f6ffnet sich ein neuer Zugang zu sich Selbst und dem Kind \u2014<br \/>achtsam, bewusst und innerlich verbunden.<\/p>\t\t\t\t\t\t\t\t<\/div>\n\t\t\t\t<\/div>\n\t\t\t\t\t<\/div>\n\t\t<\/div>\n\t\t\t\t\t<\/div>\n\t\t<\/section>\n\t\t\t\t<section class=\"elementor-section elementor-top-section elementor-element elementor-element-c245ff1 elementor-section-boxed elementor-section-height-default elementor-section-height-default\" data-id=\"c245ff1\" data-element_type=\"section\" data-e-type=\"section\" data-settings=\"{&quot;background_background&quot;:&quot;classic&quot;}\">\n\t\t\t\t\t\t<div class=\"elementor-container elementor-column-gap-default\">\n\t\t\t\t\t<div class=\"elementor-column elementor-col-100 elementor-top-column elementor-element elementor-element-4b34d22\" data-id=\"4b34d22\" data-element_type=\"column\" data-e-type=\"column\">\n\t\t\t<div class=\"elementor-widget-wrap elementor-element-populated\">\n\t\t\t\t\t\t<div class=\"elementor-element elementor-element-7d1d06c elementor-widget elementor-widget-heading\" data-id=\"7d1d06c\" data-element_type=\"widget\" data-e-type=\"widget\" data-widget_type=\"heading.default\">\n\t\t\t\t<div class=\"elementor-widget-container\">\n\t\t\t\t\t<h2 class=\"elementor-heading-title elementor-size-default\">Was Dich im Buch erwartet<\/h2>\t\t\t\t<\/div>\n\t\t\t\t<\/div>\n\t\t\t\t<section class=\"elementor-section elementor-inner-section elementor-element elementor-element-cff0ca4 elementor-section-boxed elementor-section-height-default elementor-section-height-default\" data-id=\"cff0ca4\" data-element_type=\"section\" data-e-type=\"section\">\n\t\t\t\t\t\t<div class=\"elementor-container elementor-column-gap-default\">\n\t\t\t\t\t<div class=\"elementor-column elementor-col-50 elementor-inner-column elementor-element elementor-element-24f35f5\" data-id=\"24f35f5\" data-element_type=\"column\" data-e-type=\"column\">\n\t\t\t<div class=\"elementor-widget-wrap elementor-element-populated\">\n\t\t\t\t\t\t<div class=\"elementor-element elementor-element-5f892b4 elementor-widget elementor-widget-heading\" data-id=\"5f892b4\" data-element_type=\"widget\" data-e-type=\"widget\" data-widget_type=\"heading.default\">\n\t\t\t\t<div class=\"elementor-widget-container\">\n\t\t\t\t\t<h4 class=\"elementor-heading-title elementor-size-default\">Erster Teil<\/h4>\t\t\t\t<\/div>\n\t\t\t\t<\/div>\n\t\t\t\t<div class=\"elementor-element elementor-element-5dcaae1 elementor-widget elementor-widget-text-editor\" data-id=\"5dcaae1\" data-element_type=\"widget\" data-e-type=\"widget\" data-widget_type=\"text-editor.default\">\n\t\t\t\t<div class=\"elementor-widget-container\">\n\t\t\t\t\t\t\t\t\t<h5 class=\"elementor-element elementor-element-d897396 elementor-widget elementor-widget-heading\" style=\"text-align: center;\" data-id=\"d897396\" data-element_type=\"widget\" data-widget_type=\"heading.default\">Geschichten, Erlebnisse und Erfahrungen<\/h5><div class=\"elementor-element elementor-element-64ad567 elementor-widget elementor-widget-text-editor\" data-id=\"64ad567\" data-element_type=\"widget\" data-widget_type=\"text-editor.default\"><div class=\"elementor-widget-container\"><p data-start=\"487\" data-end=\"611\">Im ersten Teil des Buches erz\u00e4hle ich von Frauen und Kindern, die ich w\u00e4hrend Schwangerschaft und Geburt begleiten durfte.<\/p><p data-start=\"616\" data-end=\"794\">Die Geschichten zeigen unterschiedliche Wege des Ankommens: von nat\u00fcrlicher Geburt, Kaiserschnitt und Hausgeburt bis hin zu Schwangerschaftsabbruch oder fr\u00fchem Abschied.<\/p><p data-start=\"799\" data-end=\"1017\">Dabei wird sp\u00fcrbar, wie fein Kinder bereits vor der Geburt mit dem Erleben ihrer Eltern verbunden sind und wie sehr innere Zust\u00e4nde, Gef\u00fchle und unausgesprochene Themen das Ankommen eines Kindes mitpr\u00e4gen k\u00f6nnen.<\/p><p data-start=\"1022\" data-end=\"1201\">Pers\u00f6nliche Erfahrungen der M\u00fctter, mediale Wahrnehmungen und Einblicke in die Begleitung er\u00f6ffnen einen anderen Blick auf Schwangerschaft und Geburt \u2013 nah, lebendig<br \/>und aus dem wirklichen Erleben heraus erz\u00e4hlt.<\/p><p data-start=\"1206\" data-end=\"1385\">Der erste Teil des Buches l\u00e4dt dazu ein, dieser Zeit bewusster zu begegnen: mit mehr innerer Wahrnehmung, Verbindung mit dem Ungeborenen und Verst\u00e4ndnis f\u00fcr das, was ein Kind bereits vor der Geburt erlebt.<\/p><\/div><\/div>\t\t\t\t\t\t\t\t<\/div>\n\t\t\t\t<\/div>\n\t\t\t\t\t<\/div>\n\t\t<\/div>\n\t\t\t\t<div class=\"elementor-column elementor-col-50 elementor-inner-column elementor-element elementor-element-5f4dbd4\" data-id=\"5f4dbd4\" data-element_type=\"column\" data-e-type=\"column\">\n\t\t\t<div class=\"elementor-widget-wrap elementor-element-populated\">\n\t\t\t\t\t\t<div class=\"elementor-element elementor-element-8a2c631 elementor-widget elementor-widget-heading\" data-id=\"8a2c631\" data-element_type=\"widget\" data-e-type=\"widget\" data-widget_type=\"heading.default\">\n\t\t\t\t<div class=\"elementor-widget-container\">\n\t\t\t\t\t<h4 class=\"elementor-heading-title elementor-size-default\">Zweiter Teil<\/h4>\t\t\t\t<\/div>\n\t\t\t\t<\/div>\n\t\t\t\t<div class=\"elementor-element elementor-element-85773e3 elementor-widget elementor-widget-text-editor\" data-id=\"85773e3\" data-element_type=\"widget\" data-e-type=\"widget\" data-widget_type=\"text-editor.default\">\n\t\t\t\t<div class=\"elementor-widget-container\">\n\t\t\t\t\t\t\t\t\t<h5 style=\"text-align: center;\" data-start=\"788\" data-end=\"840\">Bewusste Elternschaft<\/h5><h6 style=\"text-align: center;\">Von vor der Empf\u00e4ngnis bis zur Geburt<\/h6><p class=\"isSelectedEnd\">Der zweite Teil des Buches widmet sich den Hintergr\u00fcnden dessen, was in den Geschichten sichtbar geworden ist.<\/p><p class=\"isSelectedEnd\">Schritt f\u00fcr Schritt geht es um die emotionalen, seelischen und energetischen Ebenen von Schwangerschaft und Geburt, sowie um die Frage, wie das innere Erleben der Eltern das Ankommen eines Kindes beeinflussen kann.<\/p><p class=\"isSelectedEnd\">Dieser zweite Teil des Buches beschreibt unter anderem,<\/p><ul data-spread=\"false\"><li>wie Kinder bereits vor der Geburt mit ihrer Umgebung in Beziehung stehen,<\/li><li>wie Gef\u00fchle, Gedanken und Spannungen der Eltern auf sie wirken k\u00f6nnen,<\/li><li>wie ein bewusster Kontakt zur Seele des Kindes entstehen kann,<\/li><li>wie Kinder medizinische Eingriffe oder belastende Erfahrungen erleben,<\/li><li>und weshalb besonders das innere Erleben der Mutter eine zentrale Rolle spielt.<\/li><\/ul><p>Pers\u00f6nliche Erfahrungen, mediale Wahrnehm-ungen und konkrete Impulse verbinden sich dabei mit praktischem Wissen und er\u00f6ffnen neue Zusammenh\u00e4nge rund um Schwangerschaft, Geburt und Elternschaft.<\/p>\t\t\t\t\t\t\t\t<\/div>\n\t\t\t\t<\/div>\n\t\t\t\t\t<\/div>\n\t\t<\/div>\n\t\t\t\t\t<\/div>\n\t\t<\/section>\n\t\t\t\t\t<\/div>\n\t\t<\/div>\n\t\t\t\t\t<\/div>\n\t\t<\/section>\n\t\t\t\t<section class=\"elementor-section elementor-top-section elementor-element elementor-element-aa62635 elementor-section-boxed elementor-section-height-default elementor-section-height-default\" data-id=\"aa62635\" data-element_type=\"section\" data-e-type=\"section\" data-settings=\"{&quot;background_background&quot;:&quot;classic&quot;}\">\n\t\t\t\t\t\t<div class=\"elementor-container elementor-column-gap-default\">\n\t\t\t\t\t<div class=\"elementor-column elementor-col-100 elementor-top-column elementor-element elementor-element-38e83a4\" data-id=\"38e83a4\" data-element_type=\"column\" data-e-type=\"column\">\n\t\t\t<div class=\"elementor-widget-wrap elementor-element-populated\">\n\t\t\t\t\t\t<div class=\"elementor-element elementor-element-f705bc4 elementor-widget elementor-widget-heading\" data-id=\"f705bc4\" data-element_type=\"widget\" data-e-type=\"widget\" data-widget_type=\"heading.default\">\n\t\t\t\t<div class=\"elementor-widget-container\">\n\t\t\t\t\t<h2 class=\"elementor-heading-title elementor-size-default\">Stimmen zum Buch<\/h2>\t\t\t\t<\/div>\n\t\t\t\t<\/div>\n\t\t\t\t\t<\/div>\n\t\t<\/div>\n\t\t\t\t\t<\/div>\n\t\t<\/section>\n\t\t\t\t<section class=\"elementor-section elementor-top-section elementor-element elementor-element-a65f7b5 elementor-section-boxed elementor-section-height-default elementor-section-height-default\" data-id=\"a65f7b5\" data-element_type=\"section\" data-e-type=\"section\" data-settings=\"{&quot;background_background&quot;:&quot;classic&quot;}\">\n\t\t\t\t\t\t<div class=\"elementor-container elementor-column-gap-default\">\n\t\t\t\t\t<div class=\"elementor-column elementor-col-33 elementor-top-column elementor-element elementor-element-a621d99\" data-id=\"a621d99\" data-element_type=\"column\" data-e-type=\"column\">\n\t\t\t<div class=\"elementor-widget-wrap elementor-element-populated\">\n\t\t\t\t\t\t<div class=\"elementor-element elementor-element-2fd6f0c elementor-widget__width-initial elementor-widget elementor-widget-image\" data-id=\"2fd6f0c\" data-element_type=\"widget\" data-e-type=\"widget\" data-widget_type=\"image.default\">\n\t\t\t\t<div class=\"elementor-widget-container\">\n\t\t\t\t\t\t\t\t\t\t\t\t\t\t\t<img decoding=\"async\" src=\"https:\/\/bewusstschwanger.ch\/wp-content\/uploads\/2023\/04\/front_print.png\" title=\"front_print\" alt=\"front_print\" loading=\"lazy\" \/>\t\t\t\t\t\t\t\t\t\t\t\t\t\t\t<\/div>\n\t\t\t\t<\/div>\n\t\t\t\t\t<\/div>\n\t\t<\/div>\n\t\t\t\t<div class=\"elementor-column elementor-col-33 elementor-top-column elementor-element elementor-element-3c7af52\" data-id=\"3c7af52\" data-element_type=\"column\" data-e-type=\"column\">\n\t\t\t<div class=\"elementor-widget-wrap elementor-element-populated\">\n\t\t\t\t\t\t<div class=\"elementor-element elementor-element-a130db4 elementor-widget elementor-widget-testimonial\" data-id=\"a130db4\" data-element_type=\"widget\" data-e-type=\"widget\" data-widget_type=\"testimonial.default\">\n\t\t\t\t<div class=\"elementor-widget-container\">\n\t\t\t\t\t\t\t<div class=\"elementor-testimonial-wrapper\">\n\t\t\t\t\t\t\t<div class=\"elementor-testimonial-content\">Dein Buch ber\u00fchrt unglaublich.\nEs best\u00e4tigt vieles,\ndas ich selbst wahrgenommen habe.\nBesonders Deine undogmatische und ehrliche Art tut diesem sensiblen Thema gut.<\/div>\n\t\t\t\n\t\t\t\t\t\t<div class=\"elementor-testimonial-meta elementor-has-image elementor-testimonial-image-position-aside\">\n\t\t\t\t<div class=\"elementor-testimonial-meta-inner\">\n\t\t\t\t\t\t\t\t\t\t\t<div class=\"elementor-testimonial-image\">\n\t\t\t\t\t\t\t<img decoding=\"async\" width=\"960\" height=\"960\" src=\"https:\/\/bewusstschwanger.ch\/wp-content\/uploads\/2026\/05\/Sarah-Schaeppi.jpg\" class=\"attachment-full size-full wp-image-7608\" alt=\"\" srcset=\"https:\/\/bewusstschwanger.ch\/wp-content\/uploads\/2026\/05\/Sarah-Schaeppi.jpg 960w, https:\/\/bewusstschwanger.ch\/wp-content\/uploads\/2026\/05\/Sarah-Schaeppi-300x300.jpg 300w, https:\/\/bewusstschwanger.ch\/wp-content\/uploads\/2026\/05\/Sarah-Schaeppi-150x150.jpg 150w, https:\/\/bewusstschwanger.ch\/wp-content\/uploads\/2026\/05\/Sarah-Schaeppi-768x768.jpg 768w, https:\/\/bewusstschwanger.ch\/wp-content\/uploads\/2026\/05\/Sarah-Schaeppi-750x750.jpg 750w, https:\/\/bewusstschwanger.ch\/wp-content\/uploads\/2026\/05\/Sarah-Schaeppi-400x400.jpg 400w, https:\/\/bewusstschwanger.ch\/wp-content\/uploads\/2026\/05\/Sarah-Schaeppi-430x430.jpg 430w, https:\/\/bewusstschwanger.ch\/wp-content\/uploads\/2026\/05\/Sarah-Schaeppi-100x100.jpg 100w\" sizes=\"(max-width: 960px) 100vw, 960px\" \/>\t\t\t\t\t\t<\/div>\n\t\t\t\t\t\n\t\t\t\t\t\t\t\t\t\t<div class=\"elementor-testimonial-details\">\n\t\t\t\t\t\t\t\t\t\t\t\t\t\t<div class=\"elementor-testimonial-name\">Sarah Schaeppli<\/div>\n\t\t\t\t\t\t\t\t\t\t\t\t\t\t\t\t\t\t\t\t\t\t<div class=\"elementor-testimonial-job\">K\u00f6rper- und Gef\u00fchlstherapeutin<\/div>\n\t\t\t\t\t\t\t\t\t\t\t\t\t<\/div>\n\t\t\t\t\t\t\t\t\t<\/div>\n\t\t\t<\/div>\n\t\t\t\t\t<\/div>\n\t\t\t\t\t\t<\/div>\n\t\t\t\t<\/div>\n\t\t\t\t<div class=\"elementor-element elementor-element-e275457 elementor-widget elementor-widget-testimonial\" data-id=\"e275457\" data-element_type=\"widget\" data-e-type=\"widget\" data-widget_type=\"testimonial.default\">\n\t\t\t\t<div class=\"elementor-widget-container\">\n\t\t\t\t\t\t\t<div class=\"elementor-testimonial-wrapper\">\n\t\t\t\t\t\t\t<div class=\"elementor-testimonial-content\">Durch Dein Buch konnte ich meine Tochter bewusst auf den Notkaiserschnitt vorbereiten.\nTrotz des pl\u00f6tzlichen Eingriffs erlebte ich ihr Ankommen als sanft und verbunden<\/div>\n\t\t\t\n\t\t\t\t\t\t<div class=\"elementor-testimonial-meta elementor-has-image elementor-testimonial-image-position-aside\">\n\t\t\t\t<div class=\"elementor-testimonial-meta-inner\">\n\t\t\t\t\t\t\t\t\t\t\t<div class=\"elementor-testimonial-image\">\n\t\t\t\t\t\t\t<img loading=\"lazy\" decoding=\"async\" width=\"1638\" height=\"1638\" src=\"https:\/\/bewusstschwanger.ch\/wp-content\/uploads\/2026\/05\/Renee-Mennekes.jpg\" class=\"attachment-full size-full wp-image-7606\" alt=\"\" srcset=\"https:\/\/bewusstschwanger.ch\/wp-content\/uploads\/2026\/05\/Renee-Mennekes.jpg 1638w, https:\/\/bewusstschwanger.ch\/wp-content\/uploads\/2026\/05\/Renee-Mennekes-300x300.jpg 300w, https:\/\/bewusstschwanger.ch\/wp-content\/uploads\/2026\/05\/Renee-Mennekes-1024x1024.jpg 1024w, https:\/\/bewusstschwanger.ch\/wp-content\/uploads\/2026\/05\/Renee-Mennekes-150x150.jpg 150w, https:\/\/bewusstschwanger.ch\/wp-content\/uploads\/2026\/05\/Renee-Mennekes-768x768.jpg 768w, https:\/\/bewusstschwanger.ch\/wp-content\/uploads\/2026\/05\/Renee-Mennekes-1536x1536.jpg 1536w, https:\/\/bewusstschwanger.ch\/wp-content\/uploads\/2026\/05\/Renee-Mennekes-750x750.jpg 750w, https:\/\/bewusstschwanger.ch\/wp-content\/uploads\/2026\/05\/Renee-Mennekes-400x400.jpg 400w, https:\/\/bewusstschwanger.ch\/wp-content\/uploads\/2026\/05\/Renee-Mennekes-430x430.jpg 430w, https:\/\/bewusstschwanger.ch\/wp-content\/uploads\/2026\/05\/Renee-Mennekes-100x100.jpg 100w\" sizes=\"(max-width: 1638px) 100vw, 1638px\" \/>\t\t\t\t\t\t<\/div>\n\t\t\t\t\t\n\t\t\t\t\t\t\t\t\t\t<div class=\"elementor-testimonial-details\">\n\t\t\t\t\t\t\t\t\t\t\t\t\t\t<div class=\"elementor-testimonial-name\">Renee Menekees<\/div>\n\t\t\t\t\t\t\t\t\t\t\t\t\t\t\t\t\t\t\t\t\t\t<div class=\"elementor-testimonial-job\">Astrocoach f\u00fcr Frauen und Familien<\/div>\n\t\t\t\t\t\t\t\t\t\t\t\t\t<\/div>\n\t\t\t\t\t\t\t\t\t<\/div>\n\t\t\t<\/div>\n\t\t\t\t\t<\/div>\n\t\t\t\t\t\t<\/div>\n\t\t\t\t<\/div>\n\t\t\t\t\t<\/div>\n\t\t<\/div>\n\t\t\t\t<div class=\"elementor-column elementor-col-33 elementor-top-column elementor-element elementor-element-39dccdc\" data-id=\"39dccdc\" data-element_type=\"column\" data-e-type=\"column\">\n\t\t\t<div class=\"elementor-widget-wrap elementor-element-populated\">\n\t\t\t\t\t\t<div class=\"elementor-element elementor-element-ff7f73e elementor-widget elementor-widget-testimonial\" data-id=\"ff7f73e\" data-element_type=\"widget\" data-e-type=\"widget\" data-widget_type=\"testimonial.default\">\n\t\t\t\t<div class=\"elementor-widget-container\">\n\t\t\t\t\t\t\t<div class=\"elementor-testimonial-wrapper\">\n\t\t\t\t\t\t\t<div class=\"elementor-testimonial-content\">Dein Buch hat in mir ein tiefes inneres Ja ausgel\u00f6st. Vieles wirkt noch lange nach.\nBesonders die Metapher des liebevollen Willkommenhei\u00dfens hat mich tief ber\u00fchrt und mir vieles neu verst\u00e4ndlich gemacht.<\/div>\n\t\t\t\n\t\t\t\t\t\t<div class=\"elementor-testimonial-meta elementor-has-image elementor-testimonial-image-position-aside\">\n\t\t\t\t<div class=\"elementor-testimonial-meta-inner\">\n\t\t\t\t\t\t\t\t\t\t\t<div class=\"elementor-testimonial-image\">\n\t\t\t\t\t\t\t<img loading=\"lazy\" decoding=\"async\" width=\"854\" height=\"854\" src=\"https:\/\/bewusstschwanger.ch\/wp-content\/uploads\/2026\/05\/Sandra-Otto.jpg\" class=\"attachment-full size-full wp-image-7607\" alt=\"\" srcset=\"https:\/\/bewusstschwanger.ch\/wp-content\/uploads\/2026\/05\/Sandra-Otto.jpg 854w, https:\/\/bewusstschwanger.ch\/wp-content\/uploads\/2026\/05\/Sandra-Otto-300x300.jpg 300w, https:\/\/bewusstschwanger.ch\/wp-content\/uploads\/2026\/05\/Sandra-Otto-150x150.jpg 150w, https:\/\/bewusstschwanger.ch\/wp-content\/uploads\/2026\/05\/Sandra-Otto-768x768.jpg 768w, https:\/\/bewusstschwanger.ch\/wp-content\/uploads\/2026\/05\/Sandra-Otto-750x750.jpg 750w, https:\/\/bewusstschwanger.ch\/wp-content\/uploads\/2026\/05\/Sandra-Otto-400x400.jpg 400w, https:\/\/bewusstschwanger.ch\/wp-content\/uploads\/2026\/05\/Sandra-Otto-430x430.jpg 430w, https:\/\/bewusstschwanger.ch\/wp-content\/uploads\/2026\/05\/Sandra-Otto-100x100.jpg 100w\" sizes=\"(max-width: 854px) 100vw, 854px\" \/>\t\t\t\t\t\t<\/div>\n\t\t\t\t\t\n\t\t\t\t\t\t\t\t\t\t<div class=\"elementor-testimonial-details\">\n\t\t\t\t\t\t\t\t\t\t\t\t\t\t<div class=\"elementor-testimonial-name\">Sandra Otto<\/div>\n\t\t\t\t\t\t\t\t\t\t\t\t\t\t\t\t\t\t\t\t\t\t<div class=\"elementor-testimonial-job\">Bindungsorientierte Beraterin &amp; Coach f\u00fcr M\u00fctter<\/div>\n\t\t\t\t\t\t\t\t\t\t\t\t\t<\/div>\n\t\t\t\t\t\t\t\t\t<\/div>\n\t\t\t<\/div>\n\t\t\t\t\t<\/div>\n\t\t\t\t\t\t<\/div>\n\t\t\t\t<\/div>\n\t\t\t\t<div class=\"elementor-element elementor-element-7ef4a01 elementor-widget elementor-widget-testimonial\" data-id=\"7ef4a01\" data-element_type=\"widget\" data-e-type=\"widget\" data-widget_type=\"testimonial.default\">\n\t\t\t\t<div class=\"elementor-widget-container\">\n\t\t\t\t\t\t\t<div class=\"elementor-testimonial-wrapper\">\n\t\t\t\t\t\t\t<div class=\"elementor-testimonial-content\">Dieses Buch hat in mir etwas in Bewegung gebracht.\nEs verbindet auf klare und ber\u00fchrende Weise\ndas Sichtbare mit der seelischen Ebene des Ankommens<\/div>\n\t\t\t\n\t\t\t\t\t\t<div class=\"elementor-testimonial-meta elementor-has-image elementor-testimonial-image-position-aside\">\n\t\t\t\t<div class=\"elementor-testimonial-meta-inner\">\n\t\t\t\t\t\t\t\t\t\t\t<div class=\"elementor-testimonial-image\">\n\t\t\t\t\t\t\t<img loading=\"lazy\" decoding=\"async\" width=\"1054\" height=\"1054\" src=\"https:\/\/bewusstschwanger.ch\/wp-content\/uploads\/2026\/05\/Jacqueline-Comte.jpg\" class=\"attachment-full size-full wp-image-7605\" alt=\"\" srcset=\"https:\/\/bewusstschwanger.ch\/wp-content\/uploads\/2026\/05\/Jacqueline-Comte.jpg 1054w, https:\/\/bewusstschwanger.ch\/wp-content\/uploads\/2026\/05\/Jacqueline-Comte-300x300.jpg 300w, https:\/\/bewusstschwanger.ch\/wp-content\/uploads\/2026\/05\/Jacqueline-Comte-1024x1024.jpg 1024w, https:\/\/bewusstschwanger.ch\/wp-content\/uploads\/2026\/05\/Jacqueline-Comte-150x150.jpg 150w, https:\/\/bewusstschwanger.ch\/wp-content\/uploads\/2026\/05\/Jacqueline-Comte-768x768.jpg 768w, https:\/\/bewusstschwanger.ch\/wp-content\/uploads\/2026\/05\/Jacqueline-Comte-750x750.jpg 750w, https:\/\/bewusstschwanger.ch\/wp-content\/uploads\/2026\/05\/Jacqueline-Comte-400x400.jpg 400w, https:\/\/bewusstschwanger.ch\/wp-content\/uploads\/2026\/05\/Jacqueline-Comte-430x430.jpg 430w, https:\/\/bewusstschwanger.ch\/wp-content\/uploads\/2026\/05\/Jacqueline-Comte-100x100.jpg 100w\" sizes=\"(max-width: 1054px) 100vw, 1054px\" \/>\t\t\t\t\t\t<\/div>\n\t\t\t\t\t\n\t\t\t\t\t\t\t\t\t\t<div class=\"elementor-testimonial-details\">\n\t\t\t\t\t\t\t\t\t\t\t\t\t\t<div class=\"elementor-testimonial-name\">Jacqueline Comte<\/div>\n\t\t\t\t\t\t\t\t\t\t\t\t\t\t\t\t\t\t\t\t\t\t<div class=\"elementor-testimonial-job\">Kinderwunsch-Therapeutin<\/div>\n\t\t\t\t\t\t\t\t\t\t\t\t\t<\/div>\n\t\t\t\t\t\t\t\t\t<\/div>\n\t\t\t<\/div>\n\t\t\t\t\t<\/div>\n\t\t\t\t\t\t<\/div>\n\t\t\t\t<\/div>\n\t\t\t\t\t<\/div>\n\t\t<\/div>\n\t\t\t\t\t<\/div>\n\t\t<\/section>\n\t\t\t\t<section class=\"elementor-section elementor-top-section elementor-element elementor-element-d41f461 elementor-section-boxed elementor-section-height-default elementor-section-height-default\" data-id=\"d41f461\" data-element_type=\"section\" data-e-type=\"section\" data-settings=\"{&quot;background_background&quot;:&quot;classic&quot;}\">\n\t\t\t\t\t\t<div class=\"elementor-container elementor-column-gap-default\">\n\t\t\t\t\t<div class=\"elementor-column elementor-col-100 elementor-top-column elementor-element elementor-element-a453e84\" data-id=\"a453e84\" data-element_type=\"column\" data-e-type=\"column\">\n\t\t\t<div class=\"elementor-widget-wrap elementor-element-populated\">\n\t\t\t\t\t\t<div class=\"elementor-element elementor-element-75421cb elementor-widget elementor-widget-spacer\" data-id=\"75421cb\" data-element_type=\"widget\" data-e-type=\"widget\" data-widget_type=\"spacer.default\">\n\t\t\t\t<div class=\"elementor-widget-container\">\n\t\t\t\t\t\t\t<div class=\"elementor-spacer\">\n\t\t\t<div class=\"elementor-spacer-inner\"><\/div>\n\t\t<\/div>\n\t\t\t\t\t\t<\/div>\n\t\t\t\t<\/div>\n\t\t\t\t\t<\/div>\n\t\t<\/div>\n\t\t\t\t\t<\/div>\n\t\t<\/section>\n\t\t\t\t<section class=\"elementor-section elementor-top-section elementor-element elementor-element-55dba5e elementor-section-boxed elementor-section-height-default elementor-section-height-default\" data-id=\"55dba5e\" data-element_type=\"section\" data-e-type=\"section\" data-settings=\"{&quot;background_background&quot;:&quot;classic&quot;}\">\n\t\t\t\t\t\t<div class=\"elementor-container elementor-column-gap-default\">\n\t\t\t\t\t<div class=\"elementor-column elementor-col-100 elementor-top-column elementor-element elementor-element-96708b3\" data-id=\"96708b3\" data-element_type=\"column\" data-e-type=\"column\">\n\t\t\t<div class=\"elementor-widget-wrap elementor-element-populated\">\n\t\t\t\t\t\t<div class=\"elementor-element elementor-element-c00fb59 elementor-widget elementor-widget-heading\" data-id=\"c00fb59\" data-element_type=\"widget\" data-e-type=\"widget\" data-widget_type=\"heading.default\">\n\t\t\t\t<div class=\"elementor-widget-container\">\n\t\t\t\t\t<h2 class=\"elementor-heading-title elementor-size-default\">Das Buch bestellen<\/h2>\t\t\t\t<\/div>\n\t\t\t\t<\/div>\n\t\t\t\t<div class=\"elementor-element elementor-element-ea5a900 elementor-widget elementor-widget-text-editor\" data-id=\"ea5a900\" data-element_type=\"widget\" data-e-type=\"widget\" data-widget_type=\"text-editor.default\">\n\t\t\t\t<div class=\"elementor-widget-container\">\n\t\t\t\t\t\t\t\t\t<p class=\"isSelectedEnd\" style=\"text-align: center;\">\u201eDie Babyseele spricht\u201c ist sowohl im Buchhandel als auch\u00a0online erh\u00e4ltlich.<\/p>\t\t\t\t\t\t\t\t<\/div>\n\t\t\t\t<\/div>\n\t\t\t\t\t<\/div>\n\t\t<\/div>\n\t\t\t\t\t<\/div>\n\t\t<\/section>\n\t\t\t\t<\/div>\n\t\t","protected":false},"excerpt":{"rendered":"<p>Die Babyseele spricht Wie der mediale Kontakt mit Deinem Kind zu einer erf\u00fcllten Geburt f\u00fchrt. Damit Du den Weg ins Muttersein, Schwangerschaft und Geburt bewusst erleben und gestalten kannst. Du [&hellip;]<\/p>\n","protected":false},"author":1,"featured_media":0,"parent":0,"menu_order":0,"comment_status":"closed","ping_status":"closed","template":"","meta":{"footnotes":""},"class_list":["post-7558","page","type-page","status-publish","hentry"],"yoast_head":"<!-- This site is optimized with the Yoast SEO plugin v28.1 - https:\/\/yoast.com\/product\/yoast-seo-wordpress\/ -->\n<title>Buch - Bewusst schwanger<\/title>\n<meta name=\"robots\" content=\"index, follow, max-snippet:-1, max-image-preview:large, max-video-preview:-1\" \/>\n<link rel=\"canonical\" href=\"https:\/\/bewusstschwanger.ch\/index.php\/buch\/\" \/>\n<meta property=\"og:locale\" content=\"fr_FR\" \/>\n<meta property=\"og:type\" content=\"article\" \/>\n<meta property=\"og:title\" content=\"Buch - Bewusst schwanger\" \/>\n<meta property=\"og:description\" content=\"Die Babyseele spricht Wie der mediale Kontakt mit Deinem Kind zu einer erf\u00fcllten Geburt f\u00fchrt. Damit Du den Weg ins Muttersein, Schwangerschaft und Geburt bewusst erleben und gestalten kannst. Du [&hellip;]\" \/>\n<meta property=\"og:url\" content=\"https:\/\/bewusstschwanger.ch\/index.php\/buch\/\" \/>\n<meta property=\"og:site_name\" content=\"Bewusst schwanger\" \/>\n<meta property=\"article:modified_time\" content=\"2026-07-28T11:47:08+00:00\" \/>\n<meta property=\"og:image\" content=\"https:\/\/bewusstschwanger.ch\/wp-content\/uploads\/2023\/04\/IC-pregnant-pausedreamstime_l_270522432-scaled-e1681023759174.jpg\" \/>\n\t<meta property=\"og:image:width\" content=\"1708\" \/>\n\t<meta property=\"og:image:height\" content=\"1708\" \/>\n\t<meta property=\"og:image:type\" content=\"image\/jpeg\" \/>\n<meta name=\"twitter:card\" content=\"summary_large_image\" \/>\n<meta name=\"twitter:label1\" content=\"Dur\u00e9e de lecture estim\u00e9e\" \/>\n\t<meta name=\"twitter:data1\" content=\"7 minutes\" \/>\n<script type=\"application\/ld+json\" class=\"yoast-schema-graph\">{\"@context\":\"https:\\\/\\\/schema.org\",\"@graph\":[{\"@type\":\"WebPage\",\"@id\":\"https:\\\/\\\/bewusstschwanger.ch\\\/index.php\\\/buch\\\/\",\"url\":\"https:\\\/\\\/bewusstschwanger.ch\\\/index.php\\\/buch\\\/\",\"name\":\"Buch - Bewusst schwanger\",\"isPartOf\":{\"@id\":\"https:\\\/\\\/bewusstschwanger.ch\\\/#website\"},\"primaryImageOfPage\":{\"@id\":\"https:\\\/\\\/bewusstschwanger.ch\\\/index.php\\\/buch\\\/#primaryimage\"},\"image\":{\"@id\":\"https:\\\/\\\/bewusstschwanger.ch\\\/index.php\\\/buch\\\/#primaryimage\"},\"thumbnailUrl\":\"https:\\\/\\\/bewusstschwanger.ch\\\/wp-content\\\/uploads\\\/2023\\\/04\\\/IC-pregnant-pausedreamstime_l_270522432-scaled-e1681023759174-1024x1024.jpg\",\"datePublished\":\"2026-05-27T13:42:10+00:00\",\"dateModified\":\"2026-07-28T11:47:08+00:00\",\"breadcrumb\":{\"@id\":\"https:\\\/\\\/bewusstschwanger.ch\\\/index.php\\\/buch\\\/#breadcrumb\"},\"inLanguage\":\"fr-FR\",\"potentialAction\":[{\"@type\":\"ReadAction\",\"target\":[\"https:\\\/\\\/bewusstschwanger.ch\\\/index.php\\\/buch\\\/\"]}]},{\"@type\":\"ImageObject\",\"inLanguage\":\"fr-FR\",\"@id\":\"https:\\\/\\\/bewusstschwanger.ch\\\/index.php\\\/buch\\\/#primaryimage\",\"url\":\"https:\\\/\\\/bewusstschwanger.ch\\\/wp-content\\\/uploads\\\/2023\\\/04\\\/IC-pregnant-pausedreamstime_l_270522432-scaled-e1681023759174.jpg\",\"contentUrl\":\"https:\\\/\\\/bewusstschwanger.ch\\\/wp-content\\\/uploads\\\/2023\\\/04\\\/IC-pregnant-pausedreamstime_l_270522432-scaled-e1681023759174.jpg\",\"width\":1708,\"height\":1708},{\"@type\":\"BreadcrumbList\",\"@id\":\"https:\\\/\\\/bewusstschwanger.ch\\\/index.php\\\/buch\\\/#breadcrumb\",\"itemListElement\":[{\"@type\":\"ListItem\",\"position\":1,\"name\":\"Home\",\"item\":\"https:\\\/\\\/bewusstschwanger.ch\\\/\"},{\"@type\":\"ListItem\",\"position\":2,\"name\":\"Buch\"}]},{\"@type\":\"WebSite\",\"@id\":\"https:\\\/\\\/bewusstschwanger.ch\\\/#website\",\"url\":\"https:\\\/\\\/bewusstschwanger.ch\\\/\",\"name\":\"Bewusst schwanger\",\"description\":\"f\u00fcr ein heiles Ankommen und eine respektvolle Geburt\",\"potentialAction\":[{\"@type\":\"SearchAction\",\"target\":{\"@type\":\"EntryPoint\",\"urlTemplate\":\"https:\\\/\\\/bewusstschwanger.ch\\\/?s={search_term_string}\"},\"query-input\":{\"@type\":\"PropertyValueSpecification\",\"valueRequired\":true,\"valueName\":\"search_term_string\"}}],\"inLanguage\":\"fr-FR\"}]}<\/script>\n<!-- \/ Yoast SEO plugin. -->","yoast_head_json":{"title":"Buch - Bewusst schwanger","robots":{"index":"index","follow":"follow","max-snippet":"max-snippet:-1","max-image-preview":"max-image-preview:large","max-video-preview":"max-video-preview:-1"},"canonical":"https:\/\/bewusstschwanger.ch\/index.php\/buch\/","og_locale":"fr_FR","og_type":"article","og_title":"Buch - Bewusst schwanger","og_description":"Die Babyseele spricht Wie der mediale Kontakt mit Deinem Kind zu einer erf\u00fcllten Geburt f\u00fchrt. Damit Du den Weg ins Muttersein, Schwangerschaft und Geburt bewusst erleben und gestalten kannst. Du [&hellip;]","og_url":"https:\/\/bewusstschwanger.ch\/index.php\/buch\/","og_site_name":"Bewusst schwanger","article_modified_time":"2026-07-28T11:47:08+00:00","og_image":[{"width":1708,"height":1708,"url":"https:\/\/bewusstschwanger.ch\/wp-content\/uploads\/2023\/04\/IC-pregnant-pausedreamstime_l_270522432-scaled-e1681023759174.jpg","type":"image\/jpeg"}],"twitter_card":"summary_large_image","twitter_misc":{"Dur\u00e9e de lecture estim\u00e9e":"7 minutes"},"schema":{"@context":"https:\/\/schema.org","@graph":[{"@type":"WebPage","@id":"https:\/\/bewusstschwanger.ch\/index.php\/buch\/","url":"https:\/\/bewusstschwanger.ch\/index.php\/buch\/","name":"Buch - Bewusst schwanger","isPartOf":{"@id":"https:\/\/bewusstschwanger.ch\/#website"},"primaryImageOfPage":{"@id":"https:\/\/bewusstschwanger.ch\/index.php\/buch\/#primaryimage"},"image":{"@id":"https:\/\/bewusstschwanger.ch\/index.php\/buch\/#primaryimage"},"thumbnailUrl":"https:\/\/bewusstschwanger.ch\/wp-content\/uploads\/2023\/04\/IC-pregnant-pausedreamstime_l_270522432-scaled-e1681023759174-1024x1024.jpg","datePublished":"2026-05-27T13:42:10+00:00","dateModified":"2026-07-28T11:47:08+00:00","breadcrumb":{"@id":"https:\/\/bewusstschwanger.ch\/index.php\/buch\/#breadcrumb"},"inLanguage":"fr-FR","potentialAction":[{"@type":"ReadAction","target":["https:\/\/bewusstschwanger.ch\/index.php\/buch\/"]}]},{"@type":"ImageObject","inLanguage":"fr-FR","@id":"https:\/\/bewusstschwanger.ch\/index.php\/buch\/#primaryimage","url":"https:\/\/bewusstschwanger.ch\/wp-content\/uploads\/2023\/04\/IC-pregnant-pausedreamstime_l_270522432-scaled-e1681023759174.jpg","contentUrl":"https:\/\/bewusstschwanger.ch\/wp-content\/uploads\/2023\/04\/IC-pregnant-pausedreamstime_l_270522432-scaled-e1681023759174.jpg","width":1708,"height":1708},{"@type":"BreadcrumbList","@id":"https:\/\/bewusstschwanger.ch\/index.php\/buch\/#breadcrumb","itemListElement":[{"@type":"ListItem","position":1,"name":"Home","item":"https:\/\/bewusstschwanger.ch\/"},{"@type":"ListItem","position":2,"name":"Buch"}]},{"@type":"WebSite","@id":"https:\/\/bewusstschwanger.ch\/#website","url":"https:\/\/bewusstschwanger.ch\/","name":"Bewusst schwanger","description":"f\u00fcr ein heiles Ankommen und eine respektvolle Geburt","potentialAction":[{"@type":"SearchAction","target":{"@type":"EntryPoint","urlTemplate":"https:\/\/bewusstschwanger.ch\/?s={search_term_string}"},"query-input":{"@type":"PropertyValueSpecification","valueRequired":true,"valueName":"search_term_string"}}],"inLanguage":"fr-FR"}]}},"_links":{"self":[{"href":"https:\/\/bewusstschwanger.ch\/index.php\/wp-json\/wp\/v2\/pages\/7558","targetHints":{"allow":["GET"]}}],"collection":[{"href":"https:\/\/bewusstschwanger.ch\/index.php\/wp-json\/wp\/v2\/pages"}],"about":[{"href":"https:\/\/bewusstschwanger.ch\/index.php\/wp-json\/wp\/v2\/types\/page"}],"author":[{"embeddable":true,"href":"https:\/\/bewusstschwanger.ch\/index.php\/wp-json\/wp\/v2\/users\/1"}],"replies":[{"embeddable":true,"href":"https:\/\/bewusstschwanger.ch\/index.php\/wp-json\/wp\/v2\/comments?post=7558"}],"version-history":[{"count":131,"href":"https:\/\/bewusstschwanger.ch\/index.php\/wp-json\/wp\/v2\/pages\/7558\/revisions"}],"predecessor-version":[{"id":7945,"href":"https:\/\/bewusstschwanger.ch\/index.php\/wp-json\/wp\/v2\/pages\/7558\/revisions\/7945"}],"wp:attachment":[{"href":"https:\/\/bewusstschwanger.ch\/index.php\/wp-json\/wp\/v2\/media?parent=7558"}],"curies":[{"name":"wp","href":"https:\/\/api.w.org\/{rel}","templated":true}]}}