{"id":16,"date":"2019-03-08T09:53:19","date_gmt":"2019-03-08T09:53:19","guid":{"rendered":"https:\/\/bewusstschwanger.ch\/?page_id=16"},"modified":"2026-05-31T20:39:01","modified_gmt":"2026-05-31T20:39:01","slug":"bewusste-empfaengnis","status":"publish","type":"page","link":"https:\/\/bewusstschwanger.ch\/index.php\/bewusste-empfaengnis\/","title":{"rendered":"Zeugung"},"content":{"rendered":"<div id=\"pl-gb16-6a9679d561ccd\"  class=\"panel-layout wp-block-siteorigin-panels-layout-block\" ><div id=\"pg-gb16-6a9679d561ccd-0\"  class=\"panel-grid panel-no-style\" ><div id=\"pgc-gb16-6a9679d561ccd-0-0\"  class=\"panel-grid-cell\" ><div id=\"panel-gb16-6a9679d561ccd-0-0-0\" class=\"so-panel widget widget_text panel-first-child\" data-index=\"0\" ><div class=\"so-parallax panel-widget-style panel-widget-style-for-gb16-6a9679d561ccd-0-0-0\" ><img fetchpriority=\"high\" decoding=\"async\" width=\"1688\" height=\"1125\" src=\"https:\/\/bewusstschwanger.ch\/wp-content\/uploads\/2022\/11\/IC_conception-consciente.jpg\" class=\"attachment-full size-full\" alt=\"conception consciente pr\u00e9paration \u00e0 la grossesse\" data-siteorigin-parallax=\"true\" loading=\"eager\" srcset=\"https:\/\/bewusstschwanger.ch\/wp-content\/uploads\/2022\/11\/IC_conception-consciente.jpg 1688w, https:\/\/bewusstschwanger.ch\/wp-content\/uploads\/2022\/11\/IC_conception-consciente-300x200.jpg 300w, https:\/\/bewusstschwanger.ch\/wp-content\/uploads\/2022\/11\/IC_conception-consciente-1024x682.jpg 1024w, https:\/\/bewusstschwanger.ch\/wp-content\/uploads\/2022\/11\/IC_conception-consciente-768x512.jpg 768w, https:\/\/bewusstschwanger.ch\/wp-content\/uploads\/2022\/11\/IC_conception-consciente-1536x1024.jpg 1536w, https:\/\/bewusstschwanger.ch\/wp-content\/uploads\/2022\/11\/IC_conception-consciente-750x500.jpg 750w, https:\/\/bewusstschwanger.ch\/wp-content\/uploads\/2022\/11\/IC_conception-consciente-400x267.jpg 400w, https:\/\/bewusstschwanger.ch\/wp-content\/uploads\/2022\/11\/IC_conception-consciente-430x287.jpg 430w, https:\/\/bewusstschwanger.ch\/wp-content\/uploads\/2022\/11\/IC_conception-consciente-150x100.jpg 150w, https:\/\/bewusstschwanger.ch\/wp-content\/uploads\/2022\/11\/IC_conception-consciente-100x67.jpg 100w, https:\/\/bewusstschwanger.ch\/wp-content\/uploads\/2022\/11\/IC_conception-consciente-272x182.jpg 272w\" sizes=\"(max-width: 1688px) 100vw, 1688px\" \/>\t\t\t<div class=\"textwidget\"><p>&nbsp;<\/p>\n<p>&nbsp;<\/p>\n<p>&nbsp;<\/p>\n<p>&nbsp;<\/p>\n<p>&nbsp;<\/p>\n<p>&nbsp;<\/p>\n<p>&nbsp;<\/p>\n<\/div>\n\t\t<\/div><\/div><div id=\"panel-gb16-6a9679d561ccd-0-0-1\" class=\"so-panel widget widget_sow-headline\" data-index=\"1\" ><div class=\"panel-widget-style panel-widget-style-for-gb16-6a9679d561ccd-0-0-1\" ><div\n\t\t\t\n\t\t\tclass=\"so-widget-sow-headline so-widget-sow-headline-default-ab5b2d9cb511-16 so-widget-fittext-wrapper\"\n\t\t\t data-fit-text-compressor=\"\"\n\t\t><div class=\"sow-headline-container \">\n\t\t\t\t\t\t\t<h2 class=\"sow-headline\">\n\t\t\t\t\t\tDie Grundlage jedes menschlichen Lebens wird von seinen Eltern bestimmt\t\t\t\t\t\t<\/h2>\n\t\t\t\t\t\t\t\t\t\t\t\t<h5 class=\"sow-sub-headline\">\n\t\t\t\t\t\t\u2013 und dies bereits lange vor der Zeugung.\t\t\t\t\t\t<\/h5>\n\t\t\t\t\t\t\t\t\t\t\t<div class=\"decoration\">\n\t\t\t\t\t\t<div class=\"decoration-inside\"><\/div>\n\t\t\t\t\t<\/div>\n\t\t\t\t\t<\/div>\n<\/div><\/div><\/div><div id=\"panel-gb16-6a9679d561ccd-0-0-2\" class=\"so-panel widget widget_sow-editor\" data-index=\"2\" ><div class=\"panel-widget-style panel-widget-style-for-gb16-6a9679d561ccd-0-0-2\" ><div\n\t\t\t\n\t\t\tclass=\"so-widget-sow-editor so-widget-sow-editor-base\"\n\t\t\t\n\t\t>\n<div class=\"siteorigin-widget-tinymce textwidget\">\n\t<p>Unser <strong>Lebensstil<\/strong>, unsere <strong>Ern\u00e4hrung<\/strong>, die <strong>Paarbeziehung<\/strong> sowie unsere Vergangenheit bis hin zu den Erlebnissen unserer Vorfahren haben einen Einfluss auf unsere Eizellen\/Spermien. Unsere Lebensbedingungen und der Zustand der Umwelt beeinflussen deren Vitalit\u00e4t und entscheiden, welche &lsquo;Gene&rsquo; sich manifestieren, aktiviert oder gehemmt bzw. ausgeschaltet werden.<\/p>\n<p>&nbsp;<\/p>\n<p>Derzeit leben wir in einer hyperindustrialisierten, digitalisierten Gesellschaft, die sich immer schneller entwickelt und sowohl sichtbare als auch unsichtbare Belastungen mit sich bringt (elektromagnetische Wellen, Handystrahlung, Strahlung von ..-4-5G, Wifi, Bluetooth und mehr). Sie entfernt uns immer weiter von unserer eigenen Natur und dem wahren Leben.<\/p>\n<p>&nbsp;<\/p>\n<p>Stress durch <strong>Informations\u00fcberflutung\u00a0<\/strong>und<strong> traumatisch<\/strong> <strong>empfundene Ereignisse<\/strong> beeintr\u00e4chtigen unter anderem die gesunde Funktion der Fortpflanzungsorgane von M\u00e4nnern und Frauen. Zusammen mit\u00a0<strong>Nanopartikeln, Giftstoffen, k\u00fcnstlichen Hormonen, etc.<\/strong> , seien es entweder neu aufgenommene (dreckige Luft, unreines Wasser, Nahrungzus\u00e4tze, Pharmazeutika, ..) oder stillschweigend von einer Generation zur n\u00e4chsten weitergegebene, f\u00fchren sie zu allen m\u00f6glichen k\u00f6rperlichen Problemen und psychischen St\u00f6rungen. Dies gilt sowohl f\u00fcr die werdenden Eltern als auch f\u00fcr den Nachwuchs.<\/p>\n<p>&nbsp;<\/p>\n<p>Aus energetisch-spiritueller Sicht bilden unsere Energiek\u00f6rper, die von unseren \u00dcberzeugungen, Emotionen und belastenden Erlebnissen aus der Vergangenheit &#8211; sei es aus diesem Leben, unserer Familie oder aus anderen Seelenerfahrungen &#8211; gepr\u00e4gt sind, die Form, in der das neue Wesen hinein gezeugt wird und heran w\u00e4chst.<\/p>\n<p>&nbsp;<\/p>\n<p>Um die &#8211; bekannten und auch schlummernden &#8211; <strong>Belastungen nicht mehr an die werdende Generation weiter<\/strong>zu<strong>geben<\/strong>, bist Du aufgefordert, Dich nicht nur auf die Geburt, sondern bereits bewusst &#8211; vor der Empf\u00e4ngnis &#8211; auf die Schwangerschaft vorzubereiten.<\/p>\n<\/div>\n<\/div><\/div><\/div><div id=\"panel-gb16-6a9679d561ccd-0-0-3\" class=\"so-panel widget widget_sow-editor\" data-index=\"3\" ><div class=\"panel-widget-style panel-widget-style-for-gb16-6a9679d561ccd-0-0-3\" ><div\n\t\t\t\n\t\t\tclass=\"so-widget-sow-editor so-widget-sow-editor-base\"\n\t\t\t\n\t\t>\n<div class=\"siteorigin-widget-tinymce textwidget\">\n\t<p style=\"text-align: center\">Auf diese Weise ..<\/p>\n<p>&nbsp;<\/p>\n<p style=\"text-align: center\"><strong>.. bietest Du Deinem zuk\u00fcnftigen Kind die bestm\u00f6gliche Basis f\u00fcr sein Leben.<\/strong><\/p>\n<p style=\"text-align: center\"><strong>.. erm\u00f6glichst Du dem kindlichen K\u00f6rper gesund und beh\u00fctet aufzuwachsen.<\/strong><\/p>\n<p style=\"text-align: center\"><strong>.. empf\u00e4ngst Du die ankommende Seele voller Respekt und Liebe.<\/strong><\/p>\n<p>&nbsp;<\/p>\n<\/div>\n<\/div><\/div><\/div><div id=\"panel-gb16-6a9679d561ccd-0-0-4\" class=\"so-panel widget widget_sow-headline\" data-index=\"4\" ><div class=\"panel-widget-style panel-widget-style-for-gb16-6a9679d561ccd-0-0-4\" ><div\n\t\t\t\n\t\t\tclass=\"so-widget-sow-headline so-widget-sow-headline-default-e17ba7090eff-16 so-widget-fittext-wrapper\"\n\t\t\t data-fit-text-compressor=\"\"\n\t\t><div class=\"sow-headline-container \">\n\t\t\t\t\t\t\t<h2 class=\"sow-headline\">\n\t\t\t\t\t\tVorbereitung ist Alles.\t\t\t\t\t\t<\/h2>\n\t\t\t\t\t\t<\/div>\n<\/div><\/div><\/div><div id=\"panel-gb16-6a9679d561ccd-0-0-5\" class=\"so-panel widget widget_sow-editor\" data-index=\"5\" ><div class=\"panel-widget-style panel-widget-style-for-gb16-6a9679d561ccd-0-0-5\" ><div\n\t\t\t\n\t\t\tclass=\"so-widget-sow-editor so-widget-sow-editor-base\"\n\t\t\t\n\t\t>\n<div class=\"siteorigin-widget-tinymce textwidget\">\n\t<p>Eine bewusste Vorbereitung erstreckt sich \u00fcber alle Ebenen Deines Seins,<\/p>\n<h5 style=\"text-align: center\">&#8211; das Physische &#8211; das Emotionale &#8211; das Mentale &#8211; das Energetische &#8211; das Spirituelle &#8211;<\/h5>\n<p>und ber\u00fchrt alle Aspekte Deines Lebens.\u00a0<\/p>\n<div>Alle Ebenen sind miteinander verbunden und beeinflussen das werdende Kind auf ihre eigene Weise.<\/div>\n<\/div>\n<\/div><\/div><\/div><div id=\"panel-gb16-6a9679d561ccd-0-0-6\" class=\"so-panel widget widget_sow-features\" data-index=\"6\" ><div class=\"panel-widget-style panel-widget-style-for-gb16-6a9679d561ccd-0-0-6\" ><div\n\t\t\t\n\t\t\tclass=\"so-widget-sow-features so-widget-sow-features-default-669c152bb069-16\"\n\t\t\t\n\t\t><ul\n\tclass=\"sow-features-list\n\tsow-features-responsive\">\n\n\t\t\t<li\n\t\t\tclass=\"sow-features-feature sow-icon-container-position-top\"\n\t\t\tstyle=\"display: flex; flex-direction: column; width: calc(33.333% - 25px);\"\n\t\t>\n\t\t\t\n\t\t\t\t\t\t<div\t\t\t\tclass=\"sow-icon-container sow-container-round\"\n\t\t\t\tstyle=\"color: #a30000; \"\n\t\t\t\t\n\t\t\t\t\t\t\t>\n\t\t\t\t<span class=\"sow-icon-elegantline\" data-sow-icon=\"&#xe041;\"\n\t\tstyle=\"font-size: 42px; color: #ffffff\" \n\t\taria-hidden=\"true\"><\/span>\t\t\t<\/div>\n\n\t\t\t<div class=\"textwidget\">\n\t\t\t\t\n\t\t\t\t\t\t\t\t\t<h5 class=\"sow-features-feature-title\">\n\t\t\t\t\t\tDas K\u00d6RPERLICHE\t\t\t\t\t<\/h5>\n\t\t\t\t\n\t\t\t\t\t\t\t\t\t<div class=\"sow-features-feature-text\">\n\t\t\t\t\t<div class=\"page\" title=\"Page 2\">\n<div class=\"section\">\n<div class=\"layoutArea\">\n<div class=\"column\">\n<p style=\"text-align: left\">Als zuk\u00fcnftige Eltern seid Ihr aufgerufen ..<\/p>\n<ul>\n<li style=\"text-align: left\">Eure K\u00f6rper mit Kuren, Kr\u00e4utern, Massagen, Basensalz-B\u00e4dern, k\u00f6rperliche \u00dcbungen, &#8230; zu entgiften und zu st\u00e4rken.<\/li>\n<li style=\"text-align: left\">Euch gesund und vital zu ern\u00e4hren und gereinigtes vitalisiertes Wasser zu trinken.<\/li>\n<li style=\"text-align: left\">einen achtsamen und ausgewogenen Lebensstil zu f\u00fchren.<\/li>\n<li style=\"text-align: left\">Euch so wenig wie m\u00f6glich der Belastung durch elektromagnetische Wellen, Toxine und andere endokrine St\u00f6rfaktoren auszusetzen, bzw. diese auf ein Minimum zu reduzieren.<\/li>\n<\/ul>\n<p>&nbsp;<\/p>\n<p style=\"text-align: left\">Als zuk\u00fcnftige Mutter kannst Du Deinen K\u00f6rper vorbereiten, indem Du..<\/p>\n<ul>\n<li style=\"text-align: left\">Dich immer mehr auf ihn und seine Bed\u00fcrfnisse ausrichtest.<\/li>\n<li style=\"text-align: left\">Deinen Zyklus mit speziellen Frauenkr\u00e4uter-Teemischungen und nat\u00fcrlichen Heilmitteln st\u00e4rkst.<\/li>\n<li style=\"text-align: left\">achtsam im Einklang mit Deinem inneren Zyklus bist und Deinen Lebensrhythmus diesem anpasst.<\/li>\n<\/ul>\n<\/div>\n<\/div>\n<\/div>\n<\/div>\n\t\t\t\t\t<\/div>\n\t\t\t\t\t\t\t\t<\/div>\n\t\t\t\t\t\t\t\t<\/li>\n\n\t\t\t<li\n\t\t\tclass=\"sow-features-feature sow-icon-container-position-top\"\n\t\t\tstyle=\"display: flex; flex-direction: column; width: calc(33.333% - 25px);\"\n\t\t>\n\t\t\t\n\t\t\t\t\t\t<div\t\t\t\tclass=\"sow-icon-container sow-container-round\"\n\t\t\t\tstyle=\"color: #4296a3; \"\n\t\t\t\t\n\t\t\t\t\t\t\t>\n\t\t\t\t<span class=\"sow-icon-elegantline\" data-sow-icon=\"&#xe04c;\"\n\t\tstyle=\"font-size: 42px; color: #ffffff\" \n\t\taria-hidden=\"true\"><\/span>\t\t\t<\/div>\n\n\t\t\t<div class=\"textwidget\">\n\t\t\t\t\n\t\t\t\t\t\t\t\t\t<h5 class=\"sow-features-feature-title\">\n\t\t\t\t\t\tDas EMOTIONALE\t\t\t\t\t<\/h5>\n\t\t\t\t\n\t\t\t\t\t\t\t\t\t<div class=\"sow-features-feature-text\">\n\t\t\t\t\t<div class=\"page\" title=\"Page 2\">\n<div class=\"section\">\n<div class=\"layoutArea\">\n<div class=\"column\">\n<p style=\"text-align: left\">Als zuk\u00fcnftige V\u00e4ter\/M\u00fctter seid Ihr beide aufgefordert, &#8230;<\/p>\n<ul>\n<li style=\"text-align: left\">zu erforschen, wie ihr selbst geboren wurdet und welche emotionalen Schockmomente noch vorhanden sind.<\/li>\n<li style=\"text-align: left\">\u00c4ngste, Schmerz und Stress vorangegangener Schwangerschaften zu beleuchten und gehen zu lassen. Vielleicht gibt es noch ungeh\u00f6rte Trauer \u00fcber den Verlust eines Kindes, sei es aus einer pers\u00f6nlichen Erfahrung oder eine Erinnerung in Rahmen der gr\u00f6\u00dferen Familie.<\/li>\n<li style=\"text-align: left\">ehrlich zu Euren Gef\u00fchlen zu stehen und \u00fcber diese zu sprechen.<\/li>\n<li style=\"text-align: left\">achtsam Deine Gef\u00fchls- und Empfindungswelten zu beobachten, dies sein zu lassen und zu reflektieren, woher diese stamm(t)en.<\/li>\n<\/ul>\n<\/div>\n<\/div>\n<\/div>\n<\/div>\n\t\t\t\t\t<\/div>\n\t\t\t\t\t\t\t\t<\/div>\n\t\t\t\t\t\t\t\t<\/li>\n\n\t\t\t<li\n\t\t\tclass=\"sow-features-feature sow-icon-container-position-top\"\n\t\t\tstyle=\"display: flex; flex-direction: column; width: calc(33.333% - 25px);\"\n\t\t>\n\t\t\t\n\t\t\t\t\t\t<div\t\t\t\tclass=\"sow-icon-container sow-container-round\"\n\t\t\t\tstyle=\"color: #9358a0; \"\n\t\t\t\t\n\t\t\t\t\t\t\t>\n\t\t\t\t<span class=\"sow-icon-elegantline\" data-sow-icon=\"&#xe049;\"\n\t\tstyle=\"font-size: 42px; color: #FFFFFF\" \n\t\taria-hidden=\"true\"><\/span>\t\t\t<\/div>\n\n\t\t\t<div class=\"textwidget\">\n\t\t\t\t\n\t\t\t\t\t\t\t\t\t<h5 class=\"sow-features-feature-title\">\n\t\t\t\t\t\tDas MENTALE\t\t\t\t\t<\/h5>\n\t\t\t\t\n\t\t\t\t\t\t\t\t\t<div class=\"sow-features-feature-text\">\n\t\t\t\t\t<div class=\"page\" title=\"Page 3\">\n<div class=\"section\">\n<div class=\"layoutArea\">\n<div class=\"column\">\n<p style=\"text-align: left\">Sprecht als Paar offen dar\u00fcber:<\/p>\n<ul>\n<li style=\"text-align: left\">Warum m\u00f6chtet Ihr ein Kind empfangen? Folgt Ihr blind einem \u00e4u\u00dferen Druck, wollt Ihr damit einen inneren Mangel ausf\u00fcllen oder ist es Euer tiefster Herzenswunsch? Seid ehrlich zu Euch selbst.<\/li>\n<li>\n<p style=\"text-align: left\">\u00dcberlegt, welche Auswirkungen ein Kind auf Euer jetziges Berufsleben haben wird. Seid Ihr bereit, Euer Leben den Bed\u00fcrfnissen eines Kindes anzupassen und dem Archetyp der Mutter und des Vaters Platz zu machen?<\/p>\n<\/li>\n<li>\n<p style=\"text-align: left\">Welche \u00dcberzeugungen habt Ihr bez\u00fcglich der Rolle der Mutter\/des Vaters? Sind es Eure eigenen &#8211; g\u00fcltig, realistisch und gesund? Sind es veraltete famili\u00e4re Vorstellung oder post-moderne der aktuellen kr\u00e4nkelnden Gesellschaft? Was braucht ein Kind f\u00fcr eine gesunde Entwicklung wirklich?<\/p>\n<\/li>\n<\/ul>\n<p style=\"text-align: left\">Sortiert zudem negative und einschr\u00e4nkende Gedanken aus. Seid achtsam welchen Mustern ihr nachh\u00e4ngt. W\u00e4hlt, was Euch n\u00e4hrt und st\u00e4rkt und im Einklang mit dem Leben ist.<\/p>\n<\/div>\n<\/div>\n<\/div>\n<\/div>\n\t\t\t\t\t<\/div>\n\t\t\t\t\t\t\t\t<\/div>\n\t\t\t\t\t\t\t\t<\/li>\n\n\t<\/ul>\n<\/div><\/div><\/div><div id=\"panel-gb16-6a9679d561ccd-0-0-7\" class=\"so-panel widget widget_sow-features\" data-index=\"7\" ><div class=\"panel-widget-style panel-widget-style-for-gb16-6a9679d561ccd-0-0-7\" ><div\n\t\t\t\n\t\t\tclass=\"so-widget-sow-features so-widget-sow-features-default-a6b6e1ea65ac-16\"\n\t\t\t\n\t\t><ul\n\tclass=\"sow-features-list\n\tsow-features-responsive\">\n\n\t\t\t<li\n\t\t\tclass=\"sow-features-feature sow-icon-container-position-top\"\n\t\t\tstyle=\"display: flex; flex-direction: column; width: calc(50% - 25px);\"\n\t\t>\n\t\t\t\n\t\t\t\t\t\t<div\t\t\t\tclass=\"sow-icon-container sow-container-round\"\n\t\t\t\tstyle=\"color: #23204a; \"\n\t\t\t\t\n\t\t\t\t\t\t\t>\n\t\t\t\t<span class=\"sow-icon-elegantline\" data-sow-icon=\"&#xe04a;\"\n\t\tstyle=\"font-size: 42px; color: #FFFFFF\" \n\t\taria-hidden=\"true\"><\/span>\t\t\t<\/div>\n\n\t\t\t<div class=\"textwidget\">\n\t\t\t\t\n\t\t\t\t\t\t\t\t\t<h5 class=\"sow-features-feature-title\">\n\t\t\t\t\t\tDas ENERGETISCHE\t\t\t\t\t<\/h5>\n\t\t\t\t\n\t\t\t\t\t\t\t\t\t<div class=\"sow-features-feature-text\">\n\t\t\t\t\t<p style=\"text-align: left\">Einladung zur Energie-Hygiene:<\/p>\n<ul>\n<li style=\"text-align: left\">Welche Orte und Personen unterst\u00fctzen Dich? Welche fressen Deine Energie? Entscheide bewusst, wo und mit wem Du Deine Zeit verbringen m\u00f6chtest.<\/li>\n<li style=\"text-align: left\">Befreie Deine Energiefelder von Altlasten und halte sie sauber und dynamisch. St\u00e4rke Deine Aura durch Energiebehandlungen, bewusstes Atmen, Barfuss-Laufen, Meditation, Yoga, Tanz, intuitives Singen, Spazierg\u00e4nge in der Natur, &#8230; und reduziere die Belastung durch Elektrosmog so weit wie m\u00f6glich.<\/li>\n<li style=\"text-align: left\">Verbinde Dich wieder mit Deinen weiblichen Qualit\u00e4ten. \u00dcbe Dich in Entspannung, im Nichtstun, im einfach sein, Leere und Stille. Das beruhigt Dein Nervensystem und Du wirst empf\u00e4nglicher. Dasselbe gilt f\u00fcr Deinen Partner. Dies erm\u00f6glicht Dir, mehr mit Deinem K\u00f6rper und Deinen Gef\u00fchlen in Kontakt zu kommen und \u00f6ffnet Dir den Kanal, um sp\u00e4ter mit der Seele des Babys kommunizieren zu k\u00f6nnen.<\/li>\n<\/ul>\n<div class=\"page\" title=\"Page 3\">\n<div class=\"section\">\n<div class=\"layoutArea\">\n<div class=\"column\"><\/div>\n<\/div>\n<\/div>\n<\/div>\n\t\t\t\t\t<\/div>\n\t\t\t\t\t\t\t\t<\/div>\n\t\t\t\t\t\t\t\t<\/li>\n\n\t\t\t<li\n\t\t\tclass=\"sow-features-feature sow-icon-container-position-top\"\n\t\t\tstyle=\"display: flex; flex-direction: column; width: calc(50% - 25px);\"\n\t\t>\n\t\t\t\n\t\t\t\t\t\t<div\t\t\t\tclass=\"sow-icon-container sow-container-round\"\n\t\t\t\tstyle=\"color: #6d0644; \"\n\t\t\t\t\n\t\t\t\t\t\t\t>\n\t\t\t\t<span class=\"sow-icon-elegantline\" data-sow-icon=\"&#xe056;\"\n\t\tstyle=\"font-size: 42px; color: #FFFFFF\" \n\t\taria-hidden=\"true\"><\/span>\t\t\t<\/div>\n\n\t\t\t<div class=\"textwidget\">\n\t\t\t\t\n\t\t\t\t\t\t\t\t\t<h5 class=\"sow-features-feature-title\">\n\t\t\t\t\t\tDas SPIRITUELLE\t\t\t\t\t<\/h5>\n\t\t\t\t\n\t\t\t\t\t\t\t\t\t<div class=\"sow-features-feature-text\">\n\t\t\t\t\t<div class=\"page\" title=\"Page 3\">\n<div class=\"section\">\n<div class=\"layoutArea\">\n<div class=\"column\">\n<p style=\"text-align: left\">Schafft einen heiligen Raum, um der geistigen Welt Eure Bereitschaft zur Elternschaft zu signalisieren:<\/p>\n<ul>\n<li style=\"text-align: left\">Findet ein Ritual, wenn Ihr von Eurem zuk\u00fcnftigen Kind sprecht oder tr\u00e4umt. Seid Euch bewusst, dass eine oder mehrere Seelen m\u00f6glicherweise bereits um Euch herum sein k\u00f6nnen. Sie h\u00f6ren Euch und vermitteln Euch vielleicht bereits kleine Botschaften. Entz\u00fcndet eine Kerze, dekoriert einen bestimmten Ort in Eurer Wohnung oder haltet Notizen, Fotos, Zeichnungen usw. in einem Tagebuch fest, das dem Abenteuer Eltern zu werden, gewidmet ist. Auf diese Weise verankert Ihr Euren Wunsch bereits in der Materie und teilt dem Universum mit, dass Ihr bereit seid eine Seele bei Euch zu empfangen. So bekommt Euer Kind bereits einen echten Platz in Eurem Herzen und bei Euch zu Hause, noch bevor es gezeugt wurde.<\/li>\n<\/ul>\n<\/div>\n<\/div>\n<\/div>\n<\/div>\n\t\t\t\t\t<\/div>\n\t\t\t\t\t\t\t\t<\/div>\n\t\t\t\t\t\t\t\t<\/li>\n\n\t<\/ul>\n<\/div><\/div><\/div><div id=\"panel-gb16-6a9679d561ccd-0-0-8\" class=\"so-panel widget widget_text\" data-index=\"8\" >\t\t\t<div class=\"textwidget\"><p>&nbsp;<\/p>\n<p><img decoding=\"async\" class=\"aligncenter wp-image-6372\" src=\"https:\/\/bewusstschwanger.ch\/wp-content\/uploads\/2022\/11\/IC_conception-start-of-life.jpg\" alt=\"conception consciente d\u00e9but de vie humain\" width=\"400\" height=\"87\" srcset=\"https:\/\/bewusstschwanger.ch\/wp-content\/uploads\/2022\/11\/IC_conception-start-of-life.jpg 772w, https:\/\/bewusstschwanger.ch\/wp-content\/uploads\/2022\/11\/IC_conception-start-of-life-300x65.jpg 300w, https:\/\/bewusstschwanger.ch\/wp-content\/uploads\/2022\/11\/IC_conception-start-of-life-768x166.jpg 768w, https:\/\/bewusstschwanger.ch\/wp-content\/uploads\/2022\/11\/IC_conception-start-of-life-750x162.jpg 750w, https:\/\/bewusstschwanger.ch\/wp-content\/uploads\/2022\/11\/IC_conception-start-of-life-400x87.jpg 400w, https:\/\/bewusstschwanger.ch\/wp-content\/uploads\/2022\/11\/IC_conception-start-of-life-430x93.jpg 430w, https:\/\/bewusstschwanger.ch\/wp-content\/uploads\/2022\/11\/IC_conception-start-of-life-150x32.jpg 150w, https:\/\/bewusstschwanger.ch\/wp-content\/uploads\/2022\/11\/IC_conception-start-of-life-100x22.jpg 100w\" sizes=\"(max-width: 400px) 100vw, 400px\" \/><\/p>\n<p>&nbsp;<\/p>\n<p>&nbsp;<\/p>\n<\/div>\n\t\t<\/div><div id=\"panel-gb16-6a9679d561ccd-0-0-9\" class=\"so-panel widget widget_sow-headline\" data-index=\"9\" ><div class=\"panel-widget-style panel-widget-style-for-gb16-6a9679d561ccd-0-0-9\" ><div\n\t\t\t\n\t\t\tclass=\"so-widget-sow-headline so-widget-sow-headline-default-da025121fadb-16 so-widget-fittext-wrapper\"\n\t\t\t data-fit-text-compressor=\"\"\n\t\t><div class=\"sow-headline-container \">\n\t\t\t\t\t\t\t<h3 class=\"sow-headline\">\n\t\t\t\t\t\tSchenke Deinem zuk\u00fcnftigen Kind den bestm\u00f6glichen Start ins Leben.\t\t\t\t\t\t<\/h3>\n\t\t\t\t\t\t<\/div>\n<\/div><\/div><\/div><div id=\"panel-gb16-6a9679d561ccd-0-0-10\" class=\"so-panel widget widget_sow-editor panel-last-child\" data-index=\"10\" ><div class=\"panel-widget-style panel-widget-style-for-gb16-6a9679d561ccd-0-0-10\" ><div\n\t\t\t\n\t\t\tclass=\"so-widget-sow-editor so-widget-sow-editor-base\"\n\t\t\t\n\t\t><h3 class=\"widget-title\">Individuelle Begleitung<\/h3>\n<div class=\"siteorigin-widget-tinymce textwidget\">\n\t<h3 style=\"text-align: center\">Bewusste Vorbereitung auf Empf\u00e4ngnis und Schwangerschaft<\/h3>\n<p style=\"text-align: center\">per Visio-Konferenz und Fernbehandlung<\/p>\n<\/div>\n<\/div><\/div><\/div><\/div><\/div><div id=\"pg-gb16-6a9679d561ccd-1\"  class=\"panel-grid panel-no-style\" ><div id=\"pgc-gb16-6a9679d561ccd-1-0\"  class=\"panel-grid-cell\" ><div id=\"panel-gb16-6a9679d561ccd-1-0-0\" class=\"so-panel widget widget_text panel-first-child\" data-index=\"11\" ><div class=\"panel-widget-style panel-widget-style-for-gb16-6a9679d561ccd-1-0-0\" >\t\t\t<div class=\"textwidget\"><h4><strong>M\u00f6gliche Themen :\u00a0<\/strong><\/h4>\n<p>&nbsp;<\/p>\n<ul>\n<li><strong>Dich wieder mit Deinem K\u00f6rper verbinden.<\/strong>\u00a0Den schmerzhaften Erinnerungen und Verletzungen in Intimbereich und Schossraum zuh\u00f6ren und diese freigeben. Das Hormonsystem ausgleichen und den K\u00f6rper unterst\u00fctzen, damit er auf sanfte Weise empf\u00e4ngnisbereit wird.<\/li>\n<\/ul>\n<ul>\n<li><strong>Kl\u00e4rung der Rolle der Frau in der Partnerschaft<\/strong>. Was sind die Herausforderungen in Eurer Beziehung? Betrachtung dessen was sich auf energetischer Ebene zwischen Dir und Deinem Partner abspielt. Aufl\u00f6sen von Altlasten aus fr\u00fcheren Beziehungen sowie aus den Beziehungsmustern der Eltern.<\/li>\n<\/ul>\n<ul>\n<li><strong>Heilen von schmerzhaften Erinnerungen von vorangegangenen Schwangerschaften<\/strong> und fr\u00fcheren Geburten. Vers\u00f6hnung mit Erfahrungen von Schwangerschaftsabbr\u00fcchen und Fehlgeburten.<\/li>\n<\/ul>\n<ul>\n<li>Dein inneres Kind an die Hand nehmen. Dich von dem Modell der Mutter l\u00f6sen, die Du erlebt hast, um <strong>ganz authentisch<\/strong> <strong>Mutter<\/strong> nach Deinen eigenen Masst\u00e4ben und Werten zu werden.<\/li>\n<\/ul>\n<ul>\n<li><strong>In Liebe und Respekt geboren werden.\u00a0<\/strong>Wie hast Du das Licht der Welt erblickt? Welche Geburtserfahrung ist in Deinen Zellen gespeichert? Den inneren S\u00e4ugling in den Arm nehmen und auf neue Art willkommen heissen.<\/li>\n<\/ul>\n<ul>\n<li><b>Unterst\u00fctzung durch die Ahnen<\/b>\u00a0: Aufdecken, was Deine Ahninnen an unbewussten \u00dcberzeugungen, Emotionen und anderen Programmen im Zusammenhang mit Weiblichkeit und insbesondere der Mutterschaft weitergegeben haben. R\u00fcckverbindung mit den Vorm\u00fcttern und der Weisheit der Ahnen.<\/li>\n<\/ul>\n<ul>\n<li><strong>In Kontakt treten mit der Welt zur Inkarnation bereiten Seelen.\u00a0<\/strong>Den eigenen Horizont erweitern und einen Kanal \u00f6ffnen, um m\u00f6gliche Botschaften zur Vorbereitung auf die Schwangerschaft miteinzubeziehen.<\/li>\n<\/ul>\n<p>&nbsp;<\/p>\n<\/div>\n\t\t<\/div><\/div><div id=\"panel-gb16-6a9679d561ccd-1-0-1\" class=\"so-panel widget widget_text panel-last-child\" data-index=\"12\" >\t\t\t<div class=\"textwidget\"><\/div>\n\t\t<\/div><\/div><div id=\"pgc-gb16-6a9679d561ccd-1-1\"  class=\"panel-grid-cell\" ><div id=\"panel-gb16-6a9679d561ccd-1-1-0\" class=\"so-panel widget widget_media_image panel-first-child\" data-index=\"13\" ><img decoding=\"async\" width=\"300\" height=\"300\" src=\"https:\/\/bewusstschwanger.ch\/wp-content\/uploads\/2019\/05\/https-www.missplunkett.tv-wp-content-uploads-2017-01-Emma-Plunkett-art_uterus15-web-300x300.jpg\" class=\"image wp-image-4393  attachment-medium size-medium\" alt=\"\" style=\"max-width: 100%; height: auto;\" srcset=\"https:\/\/bewusstschwanger.ch\/wp-content\/uploads\/2019\/05\/https-www.missplunkett.tv-wp-content-uploads-2017-01-Emma-Plunkett-art_uterus15-web-300x300.jpg 300w, https:\/\/bewusstschwanger.ch\/wp-content\/uploads\/2019\/05\/https-www.missplunkett.tv-wp-content-uploads-2017-01-Emma-Plunkett-art_uterus15-web-150x150.jpg 150w, https:\/\/bewusstschwanger.ch\/wp-content\/uploads\/2019\/05\/https-www.missplunkett.tv-wp-content-uploads-2017-01-Emma-Plunkett-art_uterus15-web-100x100.jpg 100w, https:\/\/bewusstschwanger.ch\/wp-content\/uploads\/2019\/05\/https-www.missplunkett.tv-wp-content-uploads-2017-01-Emma-Plunkett-art_uterus15-web.jpg 390w\" sizes=\"(max-width: 300px) 100vw, 300px\" \/><\/div><div id=\"panel-gb16-6a9679d561ccd-1-1-1\" class=\"so-panel widget widget_text panel-last-child\" data-index=\"14\" >\t\t\t<div class=\"textwidget\"><h5>Individuelle \u00a0Begleitung<\/h5>\n<h6>F\u00fcr wen<\/h6>\n<p>Frauen mit Partner, die sich ganzheitlich auf ein Kind vorbereiten m\u00f6chten.<\/p>\n<h6>Wie<\/h6>\n<p>Visio&#8211;Fernbehandlung<\/p>\n<p>oder in Pringy, CH<\/p>\n<\/div>\n\t\t<\/div><\/div><\/div><\/div>","protected":false},"excerpt":{"rendered":"<p>&nbsp; &nbsp; &nbsp; &nbsp; &nbsp; &nbsp; &nbsp; Unser Lebensstil, unsere Ern\u00e4hrung, die Paarbeziehung sowie unsere Vergangenheit bis hin zu den Erlebnissen unserer Vorfahren haben einen Einfluss auf unsere Eizellen\/Spermien. Unsere [&hellip;]<\/p>\n","protected":false},"author":1,"featured_media":0,"parent":0,"menu_order":0,"comment_status":"closed","ping_status":"closed","template":"elementor_header_footer","meta":{"footnotes":""},"class_list":["post-16","page","type-page","status-publish","hentry"],"yoast_head":"<!-- This site is optimized with the Yoast SEO plugin v28.1 - https:\/\/yoast.com\/product\/yoast-seo-wordpress\/ -->\n<title>Bewusste Empf\u00e4ngnis - Bewusst schwanger<\/title>\n<meta name=\"description\" content=\"Bewusste Empf\u00e4ngnis. Was Du vor dem Schwangerwerden wissen solltest und wie Du Dich bewusst vorbereiten kannst.\" \/>\n<meta name=\"robots\" content=\"index, follow, max-snippet:-1, max-image-preview:large, max-video-preview:-1\" \/>\n<link rel=\"canonical\" href=\"https:\/\/bewusstschwanger.ch\/index.php\/bewusste-empfaengnis\/\" \/>\n<meta property=\"og:locale\" content=\"fr_FR\" \/>\n<meta property=\"og:type\" content=\"article\" \/>\n<meta property=\"og:title\" content=\"Bewusste Empf\u00e4ngnis - Bewusst schwanger\" \/>\n<meta property=\"og:description\" content=\"Bewusste Empf\u00e4ngnis. Was Du vor dem Schwangerwerden wissen solltest und wie Du Dich bewusst vorbereiten kannst.\" \/>\n<meta property=\"og:url\" content=\"https:\/\/bewusstschwanger.ch\/index.php\/bewusste-empfaengnis\/\" \/>\n<meta property=\"og:site_name\" content=\"Bewusst schwanger\" \/>\n<meta property=\"article:modified_time\" content=\"2026-05-31T20:39:01+00:00\" \/>\n<meta name=\"twitter:card\" content=\"summary_large_image\" \/>\n<meta name=\"twitter:label1\" content=\"Dur\u00e9e de lecture estim\u00e9e\" \/>\n\t<meta name=\"twitter:data1\" content=\"7 minutes\" \/>\n<script type=\"application\/ld+json\" class=\"yoast-schema-graph\">{\"@context\":\"https:\\\/\\\/schema.org\",\"@graph\":[{\"@type\":\"WebPage\",\"@id\":\"https:\\\/\\\/bewusstschwanger.ch\\\/index.php\\\/bewusste-empfaengnis\\\/\",\"url\":\"https:\\\/\\\/bewusstschwanger.ch\\\/index.php\\\/bewusste-empfaengnis\\\/\",\"name\":\"Bewusste Empf\u00e4ngnis - Bewusst schwanger\",\"isPartOf\":{\"@id\":\"https:\\\/\\\/bewusstschwanger.ch\\\/#website\"},\"datePublished\":\"2019-03-08T09:53:19+00:00\",\"dateModified\":\"2026-05-31T20:39:01+00:00\",\"description\":\"Bewusste Empf\u00e4ngnis. Was Du vor dem Schwangerwerden wissen solltest und wie Du Dich bewusst vorbereiten kannst.\",\"breadcrumb\":{\"@id\":\"https:\\\/\\\/bewusstschwanger.ch\\\/index.php\\\/bewusste-empfaengnis\\\/#breadcrumb\"},\"inLanguage\":\"fr-FR\",\"potentialAction\":[{\"@type\":\"ReadAction\",\"target\":[\"https:\\\/\\\/bewusstschwanger.ch\\\/index.php\\\/bewusste-empfaengnis\\\/\"]}]},{\"@type\":\"BreadcrumbList\",\"@id\":\"https:\\\/\\\/bewusstschwanger.ch\\\/index.php\\\/bewusste-empfaengnis\\\/#breadcrumb\",\"itemListElement\":[{\"@type\":\"ListItem\",\"position\":1,\"name\":\"Home\",\"item\":\"https:\\\/\\\/bewusstschwanger.ch\\\/\"},{\"@type\":\"ListItem\",\"position\":2,\"name\":\"Zeugung\"}]},{\"@type\":\"WebSite\",\"@id\":\"https:\\\/\\\/bewusstschwanger.ch\\\/#website\",\"url\":\"https:\\\/\\\/bewusstschwanger.ch\\\/\",\"name\":\"Bewusst schwanger\",\"description\":\"f\u00fcr ein heiles Ankommen und eine respektvolle Geburt\",\"potentialAction\":[{\"@type\":\"SearchAction\",\"target\":{\"@type\":\"EntryPoint\",\"urlTemplate\":\"https:\\\/\\\/bewusstschwanger.ch\\\/?s={search_term_string}\"},\"query-input\":{\"@type\":\"PropertyValueSpecification\",\"valueRequired\":true,\"valueName\":\"search_term_string\"}}],\"inLanguage\":\"fr-FR\"}]}<\/script>\n<!-- \/ Yoast SEO plugin. -->","yoast_head_json":{"title":"Bewusste Empf\u00e4ngnis - Bewusst schwanger","description":"Bewusste Empf\u00e4ngnis. Was Du vor dem Schwangerwerden wissen solltest und wie Du Dich bewusst vorbereiten kannst.","robots":{"index":"index","follow":"follow","max-snippet":"max-snippet:-1","max-image-preview":"max-image-preview:large","max-video-preview":"max-video-preview:-1"},"canonical":"https:\/\/bewusstschwanger.ch\/index.php\/bewusste-empfaengnis\/","og_locale":"fr_FR","og_type":"article","og_title":"Bewusste Empf\u00e4ngnis - Bewusst schwanger","og_description":"Bewusste Empf\u00e4ngnis. Was Du vor dem Schwangerwerden wissen solltest und wie Du Dich bewusst vorbereiten kannst.","og_url":"https:\/\/bewusstschwanger.ch\/index.php\/bewusste-empfaengnis\/","og_site_name":"Bewusst schwanger","article_modified_time":"2026-05-31T20:39:01+00:00","twitter_card":"summary_large_image","twitter_misc":{"Dur\u00e9e de lecture estim\u00e9e":"7 minutes"},"schema":{"@context":"https:\/\/schema.org","@graph":[{"@type":"WebPage","@id":"https:\/\/bewusstschwanger.ch\/index.php\/bewusste-empfaengnis\/","url":"https:\/\/bewusstschwanger.ch\/index.php\/bewusste-empfaengnis\/","name":"Bewusste Empf\u00e4ngnis - Bewusst schwanger","isPartOf":{"@id":"https:\/\/bewusstschwanger.ch\/#website"},"datePublished":"2019-03-08T09:53:19+00:00","dateModified":"2026-05-31T20:39:01+00:00","description":"Bewusste Empf\u00e4ngnis. Was Du vor dem Schwangerwerden wissen solltest und wie Du Dich bewusst vorbereiten kannst.","breadcrumb":{"@id":"https:\/\/bewusstschwanger.ch\/index.php\/bewusste-empfaengnis\/#breadcrumb"},"inLanguage":"fr-FR","potentialAction":[{"@type":"ReadAction","target":["https:\/\/bewusstschwanger.ch\/index.php\/bewusste-empfaengnis\/"]}]},{"@type":"BreadcrumbList","@id":"https:\/\/bewusstschwanger.ch\/index.php\/bewusste-empfaengnis\/#breadcrumb","itemListElement":[{"@type":"ListItem","position":1,"name":"Home","item":"https:\/\/bewusstschwanger.ch\/"},{"@type":"ListItem","position":2,"name":"Zeugung"}]},{"@type":"WebSite","@id":"https:\/\/bewusstschwanger.ch\/#website","url":"https:\/\/bewusstschwanger.ch\/","name":"Bewusst schwanger","description":"f\u00fcr ein heiles Ankommen und eine respektvolle Geburt","potentialAction":[{"@type":"SearchAction","target":{"@type":"EntryPoint","urlTemplate":"https:\/\/bewusstschwanger.ch\/?s={search_term_string}"},"query-input":{"@type":"PropertyValueSpecification","valueRequired":true,"valueName":"search_term_string"}}],"inLanguage":"fr-FR"}]}},"_links":{"self":[{"href":"https:\/\/bewusstschwanger.ch\/index.php\/wp-json\/wp\/v2\/pages\/16","targetHints":{"allow":["GET"]}}],"collection":[{"href":"https:\/\/bewusstschwanger.ch\/index.php\/wp-json\/wp\/v2\/pages"}],"about":[{"href":"https:\/\/bewusstschwanger.ch\/index.php\/wp-json\/wp\/v2\/types\/page"}],"author":[{"embeddable":true,"href":"https:\/\/bewusstschwanger.ch\/index.php\/wp-json\/wp\/v2\/users\/1"}],"replies":[{"embeddable":true,"href":"https:\/\/bewusstschwanger.ch\/index.php\/wp-json\/wp\/v2\/comments?post=16"}],"version-history":[{"count":477,"href":"https:\/\/bewusstschwanger.ch\/index.php\/wp-json\/wp\/v2\/pages\/16\/revisions"}],"predecessor-version":[{"id":7751,"href":"https:\/\/bewusstschwanger.ch\/index.php\/wp-json\/wp\/v2\/pages\/16\/revisions\/7751"}],"wp:attachment":[{"href":"https:\/\/bewusstschwanger.ch\/index.php\/wp-json\/wp\/v2\/media?parent=16"}],"curies":[{"name":"wp","href":"https:\/\/api.w.org\/{rel}","templated":true}]}}